{"id":62788,"date":"2021-12-27T02:19:59","date_gmt":"2021-12-27T02:19:59","guid":{"rendered":"https:\/\/www.ehthele.com\/politica-de-privacidad\/"},"modified":"2023-09-29T08:22:12","modified_gmt":"2023-09-29T08:22:12","slug":"politica-de-privacidad","status":"publish","type":"page","link":"https:\/\/www.ehthele.com\/es\/politica-de-privacidad\/","title":{"rendered":"Pol\u00edtica de privacidad"},"content":{"rendered":"\t\t<div data-elementor-type=\"wp-page\" data-elementor-id=\"62788\" class=\"elementor elementor-62788 elementor-3\" data-elementor-post-type=\"page\">\n\t\t\t\t\t\t<section class=\"elementor-section elementor-top-section elementor-element elementor-element-20437860 elementor-section-boxed elementor-section-height-default elementor-section-height-default\" data-id=\"20437860\" data-element_type=\"section\">\r\n\t\t\t\t\t\t<div class=\"elementor-container elementor-column-gap-default jws_section_\" >\r\n\t\t\t\t<div class=\"elementor-column elementor-col-100 elementor-top-column elementor-element elementor-element-565a2d48\" data-id=\"565a2d48\" data-element_type=\"column\">\n\t\t\t<div class=\"elementor-widget-wrap elementor-element-populated\">\n\t\t\t\t\t\t<div class=\"elementor-element elementor-element-52848e07 elementor-widget elementor-widget-text-editor\" data-id=\"52848e07\" data-element_type=\"widget\" data-widget_type=\"text-editor.default\">\n\t\t\t\t<div class=\"elementor-widget-container\">\n\t\t\t<style>\/*! elementor - v3.21.0 - 26-05-2024 *\/\n.elementor-widget-text-editor.elementor-drop-cap-view-stacked .elementor-drop-cap{background-color:#69727d;color:#fff}.elementor-widget-text-editor.elementor-drop-cap-view-framed .elementor-drop-cap{color:#69727d;border:3px solid;background-color:transparent}.elementor-widget-text-editor:not(.elementor-drop-cap-view-default) .elementor-drop-cap{margin-top:8px}.elementor-widget-text-editor:not(.elementor-drop-cap-view-default) .elementor-drop-cap-letter{width:1em;height:1em}.elementor-widget-text-editor .elementor-drop-cap{float:left;text-align:center;line-height:1;font-size:50px}.elementor-widget-text-editor .elementor-drop-cap-letter{display:inline-block}<\/style>\t\t\t\t<h4><b>EHTHELE POL\u00cdTICA DE PRIVACIDAD<\/b><\/h4><p><b>\u00a0<\/b><\/p><p><b>\u00a0<\/b><\/p><h6><b><\/b><b>1. La empresa.<\/b><\/h6><p>\u00a0<\/p><p><span style=\"font-weight: 400;\">Este sitio web est\u00e1 gestionado por Ehthele Limited, con direcci\u00f3n postal en Unit 3 Cedar Court, 1 Royal Oak Yard, Londres, Inglaterra, SE1 3GA (Controlador o Ehthele).<\/span><\/p><p>\u00a0<\/p><h6><b><\/b><b>2. Conceptos relevantes.<\/b><\/h6><p>\u00a0<\/p><p><span style=\"font-weight: 400;\">Las siguientes definiciones se ofrecen para facilitar al lector la comprensi\u00f3n de la pol\u00edtica de privacidad.<\/span><\/p><p>\u00a0<\/p><table><tbody><tr><td><p><b>Controlador<\/b><\/p><\/td><td><p><span style=\"font-weight: 400;\">A efectos del RGPD, cuando los datos personales se traten \u00fanicamente-.<\/span><\/p><p><span style=\"font-weight: 400;\">a) para los fines para los que una ley exija su tratamiento, y<\/span><\/p><p><span style=\"font-weight: 400;\">b) por los medios cuyo tratamiento exige una ley,<\/span><\/p><p><span style=\"font-weight: 400;\">la persona a la que la ley (o, si es diferente, una de las leyes) impone la obligaci\u00f3n de tratar los datos es el responsable del tratamiento.<\/span><\/p><\/td><\/tr><tr><td><p><b>Datos personales<\/b><\/p><\/td><td><p><span style=\"font-weight: 400;\">Cualquier informaci\u00f3n relativa a una persona viva identificada o identificable<\/span><\/p><\/td><\/tr><tr><td><p><b>Persona viva identificable<\/b><\/p><\/td><td><p><span style=\"font-weight: 400;\">Se refiere a un individuo vivo que puede ser identificado, directa o indirectamente, en particular por referencia a:<\/span><\/p><p><span style=\"font-weight: 400;\">\u00a0<\/span><\/p><p><span style=\"font-weight: 400;\">a) un identificador como un nombre, un n\u00famero de identificaci\u00f3n, datos de localizaci\u00f3n o un identificador en l\u00ednea, o<\/span><\/p><p><b>b) <\/b><span style=\"font-weight: 400;\">uno o m\u00e1s factores espec\u00edficos de la identidad f\u00edsica, fisiol\u00f3gica, gen\u00e9tica, mental, econ\u00f3mica, cultural o social del individuo.<\/span><\/p><\/td><\/tr><tr><td><p><b>Sujeto de los datos<\/b><\/p><\/td><td><p><span style=\"font-weight: 400;\">Se refiere a la persona viva identificada o identificable a la que se refieren los datos personales.<\/span><\/p><\/td><\/tr><tr><td><p><b>Tratamiento<\/b><\/p><\/td><td><p><span style=\"font-weight: 400;\">En relaci\u00f3n con la informaci\u00f3n, significa una operaci\u00f3n o conjunto de operaciones que se realizan sobre la informaci\u00f3n, o sobre conjuntos de informaci\u00f3n, tales como:<\/span><\/p><p><span style=\"font-weight: 400;\">a) recogida, registro, organizaci\u00f3n, estructuraci\u00f3n o almacenamiento,<\/span><\/p><p><span style=\"font-weight: 400;\">b) adaptaci\u00f3n o alteraci\u00f3n,<\/span><\/p><p><span style=\"font-weight: 400;\">c) recuperaci\u00f3n, consulta o utilizaci\u00f3n,<\/span><\/p><p><span style=\"font-weight: 400;\">d) divulgaci\u00f3n mediante transmisi\u00f3n, difusi\u00f3n o cualquier otra forma de puesta a disposici\u00f3n,<\/span><\/p><p><span style=\"font-weight: 400;\">e) alineaci\u00f3n o combinaci\u00f3n, o<\/span><\/p><p><span style=\"font-weight: 400;\">f) restricci\u00f3n, supresi\u00f3n o destrucci\u00f3n,<\/span><\/p><\/td><\/tr><\/tbody><\/table><p><span style=\"font-weight: 400;\">\u00a0<\/span><\/p><h6><b><\/b><b>3. Datos personales que necesitamos recopilar.<\/b><\/h6><p>\u00a0<\/p><p><span style=\"font-weight: 400;\">En funci\u00f3n del uso que haga de nuestro sitio web, es posible que le pidamos la siguiente informaci\u00f3n:<\/span><\/p><p>\u00a0<\/p><ul><li><span style=\"font-weight: 400;\">En caso de que desee suscribirse a nuestro <\/span><b>servicio de bolet\u00edn de noticias<\/b><span style=\"font-weight: 400;\">, necesitar\u00edamos solicitarlo:<\/span><\/li><\/ul><p><span style=\"font-weight: 400;\">\u00a0 \u00a0 \u00a0 \u00a0 \u00a0 \u00a0 \u00a0 \u00a0 \u00a0 \u00a0\u00a0a) Nombre<\/span><\/p><p><span style=\"font-weight: 400;\">\u00a0 \u00a0 \u00a0 \u00a0 \u00a0 \u00a0 \u00a0 \u00a0 \u00a0 \u00a0\u00a0b) Apellidos<\/span><\/p><p><span style=\"font-weight: 400;\">\u00a0 \u00a0 \u00a0 \u00a0 \u00a0 \u00a0 \u00a0 \u00a0 \u00a0 \u00a0\u00a0c) Correo electr\u00f3nico<\/span><\/p><p><span style=\"font-weight: 400;\">\u00a0 \u00a0 \u00a0 \u00a0 \u00a0 \u00a0 \u00a0 \u00a0 \u00a0 \u00a0\u00a0d) Fecha de nacimiento.<\/span><\/p><p><span style=\"font-weight: 400;\">\u00a0<\/span><\/p><ul><li><span style=\"font-weight: 400;\">En <\/span><span style=\"font-weight: 400;\">caso de que desee <\/span><b>registrar una cuenta <\/b><span style=\"font-weight: 400;\">en el sitio web, necesitaremos solicitarle los siguientes datos:<\/span><\/li><\/ul><p><span style=\"font-weight: 400;\">\u00a0 \u00a0 \u00a0 \u00a0 \u00a0 \u00a0 \u00a0 \u00a0 \u00a0 \u00a0\u00a0a) Nombre<\/span><\/p><p><span style=\"font-weight: 400;\">\u00a0 \u00a0 \u00a0 \u00a0 \u00a0 \u00a0 \u00a0 \u00a0 \u00a0 \u00a0\u00a0b) Apellidos<\/span><\/p><p><span style=\"font-weight: 400;\">\u00a0 \u00a0 \u00a0 \u00a0 \u00a0 \u00a0 \u00a0 \u00a0 \u00a0 \u00a0\u00a0c) Correo electr\u00f3nico.<\/span><\/p><p><span style=\"font-weight: 400;\">\u00a0 \u00a0 \u00a0 \u00a0 \u00a0 \u00a0 \u00a0 \u00a0 \u00a0 \u00a0\u00a0d) Contrase\u00f1a (no podremos acceder a su contrase\u00f1a)<\/span><\/p><p><span style=\"font-weight: 400;\">\u00a0<\/span><\/p><ul><li><span style=\"font-weight: 400;\">Adem\u00e1s, si desea <\/span><b>comprar un producto <\/b><span style=\"font-weight: 400;\">de nuestro sitio web, tendremos que pedirle Datos Personales complementarios para la entrega.<\/span><\/li><\/ul><p><span style=\"font-weight: 400;\">\u00a0 \u00a0 \u00a0 \u00a0 \u00a0 \u00a0 \u00a0 \u00a0 \u00a0 \u00a0\u00a0a) Direcci\u00f3n.<\/span><\/p><p><span style=\"font-weight: 400;\">\u00a0 \u00a0 \u00a0 \u00a0 \u00a0 \u00a0 \u00a0 \u00a0 \u00a0 \u00a0\u00a0b) Pa\u00eds.<\/span><\/p><p><span style=\"font-weight: 400;\">\u00a0 \u00a0 \u00a0 \u00a0 \u00a0 \u00a0 \u00a0 \u00a0 \u00a0 \u00a0\u00a0c) Estado\/Provincia.<\/span><\/p><p><span style=\"font-weight: 400;\">\u00a0 \u00a0 \u00a0 \u00a0 \u00a0 \u00a0 \u00a0 \u00a0 \u00a0 \u00a0\u00a0d) Ciudad<\/span><\/p><p><span style=\"font-weight: 400;\">\u00a0 \u00a0 \u00a0 \u00a0 \u00a0 \u00a0 \u00a0 \u00a0 \u00a0 \u00a0\u00a0e) C\u00f3digo postal<\/span><\/p><p><span style=\"font-weight: 400;\">\u00a0 \u00a0 \u00a0 \u00a0 \u00a0 \u00a0 \u00a0 \u00a0 \u00a0 \u00a0\u00a0f) N\u00famero de tel\u00e9fono.<\/span><\/p><p><span style=\"font-weight: 400;\">\u00a0<\/span><\/p><ul><li><b>Cookies<\/b><span style=\"font-weight: 400;\">. Consulte la secci\u00f3n 7 para obtener informaci\u00f3n adicional.<\/span><\/li><\/ul><p>\u00a0<\/p><h6><b><\/b><b>4. Finalidad del tratamiento de datos.<\/b><\/h6><p>\u00a0<\/p><p><span style=\"font-weight: 400;\">Los Datos Personales facilitados, seg\u00fan el apartado 3, ser\u00e1n tratados para los siguientes fines:<\/span><\/p><p>\u00a0<\/p><ul><li><span style=\"font-weight: 400;\">Enviar informaci\u00f3n comercial sobre los productos y servicios de Ehthele, as\u00ed como ofrecer promociones (Newsletter).<\/span><\/li><li><span style=\"font-weight: 400;\">Creaci\u00f3n de cuenta.<\/span><\/li><li><span style=\"font-weight: 400;\">Complete el proceso de compra y entrega.<\/span><\/li><li><span style=\"font-weight: 400;\">Uso del sitio web.<\/span><\/li><\/ul><p><span style=\"font-weight: 400;\">\u00a0<\/span><\/p><h6><b><\/b><b>5. Tratamiento l\u00edcito.<\/b><\/h6><p>\u00a0<\/p><p><span style=\"font-weight: 400;\">Dependiendo de la finalidad del sitio web, la base jur\u00eddica para el tratamiento de datos personales puede ser:<\/span><\/p><p>\u00a0<\/p><p><span style=\"font-weight: 400;\">\u00a0 \u00a0 \u00a0 \u00a0 \u00a0 a) el interesado ha dado su consentimiento al tratamiento de sus datos personales para uno o varios fines espec\u00edficos; (Bolet\u00edn, Cookies y registro de cuenta)<\/span><\/p><p><span style=\"font-weight: 400;\">\u00a0 \u00a0 \u00a0 \u00a0 \u00a0 b) el tratamiento es necesario para la ejecuci\u00f3n de un contrato en el que el interesado es parte o para tomar medidas a petici\u00f3n del interesado antes de celebrar un contrato; (Compra y entrega)<\/span><\/p><p>\u00a0<\/p><h6><b><\/b><b>6. Destinatarios de los datos personales.<\/b><\/h6><p>\u00a0<\/p><p><span style=\"font-weight: 400;\">Los Datos Personales que se nos comuniquen podr\u00e1n ser compartidos con empresas externas con fines de marketing y para la entrega de las compras.<\/span><\/p><p><span style=\"font-weight: 400;\">A continuaci\u00f3n figuran los datos de las terceras empresas:<\/span><\/p><p>\u00a0<\/p><table><tbody><tr><td><p><b>Prop\u00f3sito<\/b><\/p><\/td><td><p><span style=\"font-weight: 400;\">Marketing<\/span><\/p><\/td><\/tr><tr><td><p><b>Empresa<\/b><\/p><\/td><td><p><span style=\"font-weight: 400;\">ElephantPink<\/span><\/p><\/td><\/tr><tr><td><p><b>Direcci\u00f3n<\/b><\/p><\/td><td><p><span style=\"font-weight: 400;\">C\/ Victor de la Serna, n\u00ba1. 29602. Marbella, M\u00e1laga, Espa\u00f1a<\/span><\/p><\/td><\/tr><tr><td><p><b>Correo electr\u00f3nico<\/b><\/p><\/td><td><p><span style=\"font-weight: 400;\">info@elephantpink.com<\/span><\/p><\/td><\/tr><\/tbody><\/table><p><span style=\"font-weight: 400;\">\u00a0<\/span><\/p><table><tbody><tr><td><p><b>Prop\u00f3sito<\/b><\/p><\/td><td><p><span style=\"font-weight: 400;\">Entrega<\/span><\/p><\/td><\/tr><tr><td><p><b>Empresa<\/b><\/p><\/td><td><p><span style=\"font-weight: 400;\">Mail Boxes ETC.<\/span><\/p><\/td><\/tr><tr><td><p><b>Direcci\u00f3n<\/b><\/p><\/td><td><p><span style=\"font-weight: 400;\">\u00a0<\/span><\/p><\/td><\/tr><tr><td><p><b>Correo electr\u00f3nico<\/b><\/p><\/td><td><p><span style=\"font-weight: 400;\">\u00a0<\/span><\/p><\/td><\/tr><\/tbody><\/table><p>\u00a0<\/p><p><span style=\"font-weight: 400;\">Al aceptar esta Pol\u00edtica de Privacidad, usted acepta y consiente expl\u00edcitamente la transferencia de sus Datos Personales a las empresas mencionadas para los fines descritos.<\/span><\/p><p>\u00a0<\/p><h6><b><\/b><b>7. Cookies.<\/b><\/h6><p>\u00a0<\/p><p><span style=\"font-weight: 400;\">Las cookies son archivos de texto que se utilizan para identificar su dispositivo mientras utiliza nuestro sitio web. La informaci\u00f3n contenida en una cookie es creada por el servidor una vez que usted entra en el sitio web.<\/span><\/p><p>\u00a0<\/p><p><span style=\"font-weight: 400;\">Estos datos se clasifican con un identificador \u00fanico para usted y su ordenador. Permite a nuestro sistema reconocerle cuando vuelve a nuestras redes.<\/span><\/p><p>\u00a0<\/p><p><span style=\"font-weight: 400;\">Tenga en cuenta que cuando visite nuestro sitio web, necesitaremos procesar determinadas cookies (necesarias), como se muestra a continuaci\u00f3n. Todas las dem\u00e1s cookies no marcadas como necesarias son opcionales y le pediremos su consentimiento para procesarlas.<\/span><\/p><p>\u00a0<\/p><table><tbody><tr><td><p><b>Nombre de la cookie<\/b><\/p><\/td><td><p><b>Proveedor<\/b><\/p><\/td><td><p><b>Caducidad<\/b><\/p><\/td><td><p><b>Prop\u00f3sito<\/b><\/p><\/td><\/tr><tr><td><p><span style=\"font-weight: 400;\">_ga<\/span><\/p><\/td><td><p><span style=\"font-weight: 400;\">Google Analytics<\/span><\/p><\/td><td><p><span style=\"font-weight: 400;\">2 a\u00f1os<\/span><\/p><\/td><td><p><span style=\"font-weight: 400;\">Se utiliza para distinguir a los usuarios.<\/span><\/p><\/td><\/tr><tr><td><p><span style=\"font-weight: 400;\">_gid<\/span><\/p><\/td><td><p><span style=\"font-weight: 400;\">Google Analytics<\/span><\/p><\/td><td><p><span style=\"font-weight: 400;\">24 horas<\/span><\/p><\/td><td><p><span style=\"font-weight: 400;\">Se utiliza para distinguir a los usuarios.<\/span><\/p><\/td><\/tr><tr><td><p><span style=\"font-weight: 400;\">_gat<\/span><\/p><\/td><td><p><span style=\"font-weight: 400;\">Google Analytics<\/span><\/p><\/td><td><p><span style=\"font-weight: 400;\">1 minuto<\/span><\/p><\/td><td><p><span style=\"font-weight: 400;\">Permite limitar el porcentaje de solicitudes.<\/span><\/p><\/td><\/tr><tr><td><p><span style=\"font-weight: 400;\">AMP_TOKEN<\/span><\/p><\/td><td><p><span style=\"font-weight: 400;\">Google Analytics<\/span><\/p><\/td><td><p><span style=\"font-weight: 400;\">De 30 segundos a 1 a\u00f1o<\/span><\/p><\/td><td><p><span style=\"font-weight: 400;\">Incluye un token que puede utilizarse para recuperar un ID de cliente del servicio AMP Client ID. Otros valores posibles indican deshabilitaciones, solicitudes en curso o errores obtenidos al recuperar un ID del servicio AMP Client ID.<\/span><\/p><\/td><\/tr><tr><td><p><span style=\"font-weight: 400;\">_gac_&lt;property-id&gt;<\/span><\/p><\/td><td><p><span style=\"font-weight: 400;\">Google Analytics<\/span><\/p><\/td><td><p><span style=\"font-weight: 400;\">90 d\u00edas<\/span><\/p><\/td><td><p><span style=\"font-weight: 400;\">Incluye informaci\u00f3n de la campa\u00f1a relativa al usuario. Si ha vinculado sus cuentas de Google Analytics y AdWords, las etiquetas de conversi\u00f3n del sitio web leer\u00e1n esta cookie a menos que la desactive.<\/span><\/p><\/td><\/tr><tr><td><p><span style=\"font-weight: 400;\">_hjSessionUser_{site_id}<\/span><\/p><\/td><td><p><span style=\"font-weight: 400;\">Hotjar<\/span><\/p><\/td><td><p><span style=\"font-weight: 400;\">365 d\u00edas<\/span><\/p><\/td><td><p><span style=\"font-weight: 400;\">&#8211; Se establece cuando un usuario entra por primera vez en una p\u00e1gina.<\/span><\/p><p><span style=\"font-weight: 400;\">&#8211; Persiste el<\/span><a href=\"https:\/\/help.hotjar.com\/hc\/en-us\/articles\/115011669147\" target=\"_blank\" rel=\"noopener\"> <span style=\"font-weight: 400;\">ID de usuario de Hotjar<\/span><\/a><span style=\"font-weight: 400;\"> que es \u00fanico para ese sitio. Hotjar no rastrea a los usuarios en diferentes sitios.<\/span><\/p><p><span style=\"font-weight: 400;\">&#8211; Garantiza que los datos de visitas posteriores al mismo sitio se atribuyan al mismo ID de usuario.<\/span><\/p><p><span style=\"font-weight: 400;\">\u00a0<\/span><\/p><p><span style=\"font-weight: 400;\">&#8211; Tipo de datos JSON.<\/span><\/p><\/td><\/tr><tr><td><p><span style=\"font-weight: 400;\">_hjid<\/span><\/p><\/td><td><p><span style=\"font-weight: 400;\">Hotjar<\/span><\/p><\/td><td><p><span style=\"font-weight: 400;\">365 d\u00edas<\/span><\/p><\/td><td><p><span style=\"font-weight: 400;\">&#8211; Se trata de una cookie antigua que ya no establecemos, pero si un usuario la tiene sin caducar en su navegador, reutilizaremos su valor y migraremos a _hjSessionUser_{site_id}.<\/span><\/p><p><span style=\"font-weight: 400;\">&#8211; Se establece cuando un usuario entra por primera vez en una p\u00e1gina.<\/span><\/p><p><span style=\"font-weight: 400;\">&#8211; Persiste el<\/span><a href=\"https:\/\/help.hotjar.com\/hc\/en-us\/articles\/115011669147\" target=\"_blank\" rel=\"noopener\"> <span style=\"font-weight: 400;\">ID de usuario Hotjar<\/span><\/a><span style=\"font-weight: 400;\"> que es \u00fanico para ese sitio.<\/span><\/p><p><span style=\"font-weight: 400;\">&#8211; Garantiza que los datos de visitas posteriores al mismo sitio se atribuyan al mismo ID de usuario.<\/span><\/p><p><span style=\"font-weight: 400;\">&#8211; Tipo de datos UUID.<\/span><\/p><\/td><\/tr><tr><td><p><span style=\"font-weight: 400;\">_hjFirstSeen<\/span><\/p><\/td><td><p><span style=\"font-weight: 400;\">Hotjar<\/span><\/p><\/td><td><p><span style=\"font-weight: 400;\">30 minutos<\/span><\/p><\/td><td><p><span style=\"font-weight: 400;\">&#8211; Identifica la primera sesi\u00f3n de un nuevo usuario.<\/span><\/p><p><span style=\"font-weight: 400;\">&#8211; Utilizado por los filtros de grabaci\u00f3n para identificar nuevas sesiones de usuario.<\/span><\/p><p><span style=\"font-weight: 400;\">&#8211; Tipo de datos booleano verdadero\/falso.<\/span><\/p><\/td><\/tr><tr><td><p><span style=\"font-weight: 400;\">_hjHasCachedUserAttributes<\/span><\/p><\/td><td><p><span style=\"font-weight: 400;\">Hotjar<\/span><\/p><\/td><td><p><span style=\"font-weight: 400;\">Duraci\u00f3n de la sesi\u00f3n<\/span><\/p><\/td><td><p><span style=\"font-weight: 400;\">&#8211; <\/span><span style=\"font-weight: 400;\">Nos permite<\/span> <span style=\"font-weight: 400;\">saber si los datos establecidos en el elemento _hjUserAttributes Local Storage est\u00e1n actualizados o no.<\/span><\/p><p><span style=\"font-weight: 400;\">&#8211; Tipo de datos booleano verdadero\/falso.<\/span><\/p><\/td><\/tr><tr><td><p><span style=\"font-weight: 400;\">_hjUserAttributesHash<\/span><\/p><\/td><td><p><span style=\"font-weight: 400;\">Hotjar<\/span><\/p><\/td><td><p><span style=\"font-weight: 400;\">2 minutos de duraci\u00f3n, ampliados cada 30 segundos.<\/span><\/p><\/td><td><p><span style=\"font-weight: 400;\">&#8211; <\/span><span style=\"font-weight: 400;\">Nos permite<\/span> <span style=\"font-weight: 400;\">saber cuando alg\u00fan Atributo de Usuario ha cambiado y necesita ser actualizado.<\/span><\/p><p><span style=\"font-weight: 400;\">&#8211; Tipo de datos hash de contenido.<\/span><\/p><\/td><\/tr><tr><td><p><span style=\"font-weight: 400;\">_hjUserAttributes<\/span><\/p><\/td><td><p><span style=\"font-weight: 400;\">Hotjar<\/span><\/p><\/td><td><p><span style=\"font-weight: 400;\">Sin caducidad expl\u00edcita.<\/span><\/p><\/td><td><p><span style=\"font-weight: 400;\">&#8211; Almacena los atributos de usuario enviados a trav\u00e9s de la API Hotjar Identify.<\/span><\/p><p><span style=\"font-weight: 400;\">&#8211; Tipo de datos JSON codificado en Base64.<\/span><\/p><\/td><\/tr><tr><td><p><span style=\"font-weight: 400;\">hjViewportId<\/span><\/p><\/td><td><p><span style=\"font-weight: 400;\">Hotjar<\/span><\/p><\/td><td><p><span style=\"font-weight: 400;\">Duraci\u00f3n de la sesi\u00f3n.<\/span><\/p><\/td><td><p><span style=\"font-weight: 400;\">&#8211; Almacena los detalles de la ventana del usuario, como el tama\u00f1o y las dimensiones.<\/span><\/p><p><span style=\"font-weight: 400;\">&#8211; Tipo de datos UUID.<\/span><\/p><\/td><\/tr><tr><td><p><span style=\"font-weight: 400;\">hjActiveViewportIds<\/span><\/p><\/td><td><p><span style=\"font-weight: 400;\">Hotjar<\/span><\/p><\/td><td><p><span style=\"font-weight: 400;\">Almacena un expirationTimestamp que se utiliza para validar los viewports activos en la inicializaci\u00f3n del script.<\/span><\/p><\/td><td><p><span style=\"font-weight: 400;\">&#8211; Almacena los ID de las ventanas activas del usuario.<\/span><\/p><p><span style=\"font-weight: 400;\">&#8211; Tipo de datos .JSON.<\/span><\/p><\/td><\/tr><\/tbody><\/table><p><span style=\"font-weight: 400;\">\u00a0<\/span><\/p><h6><b><\/b><b>8. Cambios en la pol\u00edtica de privacidad.<\/b><\/h6><p>\u00a0<\/p><p><span style=\"font-weight: 400;\">El Responsable del Tratamiento se reserva el derecho a modificar esta pol\u00edtica en www.ehthele.com (el Sitio Web) en cualquier momento. El usuario es responsable de comprobar la pol\u00edtica de vez en cuando.<\/span><\/p><p>\u00a0<\/p><h6><b><\/b><b>9. Derechos del interesado y ejercicio de los mismos.<\/b><\/h6><p>\u00a0<\/p><p><b>Para usuarios del Reino Unido<\/b><\/p><p><span style=\"font-weight: 400;\">Los interesados tienen derecho a ejercer los siguientes derechos de acuerdo con la Ley de Protecci\u00f3n de Datos de 2018:<\/span><\/p><table><tbody><tr><td><p><b>Derecho a la informaci\u00f3n<\/b><\/p><\/td><td><p><span style=\"font-weight: 400;\">El interesado tiene derecho a recibir la siguiente informaci\u00f3n:<\/span><\/p><p><span style=\"font-weight: 400;\">\u00a0<\/span><\/p><p><span style=\"font-weight: 400;\">a) la identidad y los datos de contacto del responsable del tratamiento;<\/span><\/p><p><span style=\"font-weight: 400;\">b) la base jur\u00eddica y los fines para los que el responsable del tratamiento trata los datos personales;<\/span><\/p><p><span style=\"font-weight: 400;\">c) las categor\u00edas de datos personales relativos al interesado que son objeto de tratamiento;<\/span><\/p><p><span style=\"font-weight: 400;\">d) los destinatarios o las categor\u00edas de destinatarios de los datos personales (si procede);<\/span><\/p><p><span style=\"font-weight: 400;\">e) el derecho a presentar una queja ante el Comisario y los datos de contacto del Comisario;<\/span><\/p><p><span style=\"font-weight: 400;\">f) c\u00f3mo ejercer los derechos del interesado;<\/span><\/p><p><b>g) <\/b><span style=\"font-weight: 400;\">cualquier otra informaci\u00f3n necesaria para garantizar que los datos personales se tratan de forma justa y transparente.<\/span><\/p><\/td><\/tr><tr><td><p><b>Derecho de acceso<\/b><\/p><\/td><td><p><span style=\"font-weight: 400;\">El interesado tiene derecho a recibir confirmaci\u00f3n de si se est\u00e1n tratando o no datos personales que le conciernen, y en qu\u00e9 casos:<\/span><\/p><p><span style=\"font-weight: 400;\">\u00a0<\/span><\/p><p><span style=\"font-weight: 400;\">a) la comunicaci\u00f3n, en forma inteligible, de los datos personales de que sea titular dicha persona, y<\/span><\/p><p><span style=\"font-weight: 400;\">b) los fines y la base jur\u00eddica del tratamiento;<\/span><\/p><p><span style=\"font-weight: 400;\">c) las categor\u00edas de datos personales de que se trate;<\/span><\/p><p><span style=\"font-weight: 400;\">d) los destinatarios o categor\u00edas de destinatarios a los que se han comunicado los datos personales;<\/span><\/p><p><span style=\"font-weight: 400;\">e) el plazo de conservaci\u00f3n de los datos personales;<\/span><\/p><p><span style=\"font-weight: 400;\">f) la existencia de los derechos de rectificaci\u00f3n y supresi\u00f3n de datos personales del interesado;<\/span><\/p><p><span style=\"font-weight: 400;\">g) el derecho a presentar una queja ante el Comisario y los datos de contacto del Comisario;<\/span><\/p><p><b>h) <\/b><span style=\"font-weight: 400;\">cualquier informaci\u00f3n sobre el origen de los datos personales en cuesti\u00f3n.<\/span><\/p><\/td><\/tr><tr><td><p><b>Derecho a no ser objeto de decisiones automatizadas<\/b><\/p><\/td><td><p><span style=\"font-weight: 400;\">El responsable del tratamiento no podr\u00e1 tomar una decisi\u00f3n que afecte significativamente a un interesado y que se base \u00fanicamente en el tratamiento automatizado de datos personales relativos al interesado.<\/span><\/p><\/td><\/tr><tr><td><p><b>Derecho a intervenir en la toma de decisiones automatizada<\/b><\/p><\/td><td><p><span style=\"font-weight: 400;\">Si el responsable del tratamiento toma una decisi\u00f3n que afecta significativamente a un interesado y que se basa \u00fanicamente en el tratamiento automatizado de datos personales relativos al interesado, el responsable del tratamiento debe notificar al interesado, tan pronto como sea razonablemente posible, que se ha tomado dicha decisi\u00f3n.<\/span><\/p><p><span style=\"font-weight: 400;\">\u00a0<\/span><\/p><p><span style=\"font-weight: 400;\">Antes de que finalice el plazo de un mes a partir de la recepci\u00f3n de la notificaci\u00f3n, el interesado podr\u00e1 solicitar al responsable del tratamiento:<\/span><\/p><p><span style=\"font-weight: 400;\">a<\/span><span style=\"font-weight: 400;\">) <\/span><span style=\"font-weight: 400;\">reconsiderar la decisi\u00f3n, o<\/span><\/p><p><span style=\"font-weight: 400;\">b<\/span><span style=\"font-weight: 400;\">) <\/span><span style=\"font-weight: 400;\">adoptar una nueva decisi\u00f3n que no se base \u00fanicamente en un tratamiento automatizado.<\/span><\/p><p><span style=\"font-weight: 400;\">\u00a0<\/span><\/p><p><span style=\"font-weight: 400;\">Si se presenta una solicitud al responsable del tratamiento, \u00e9ste deber\u00e1, antes de que finalice el plazo de 1 mes a partir de la recepci\u00f3n de la solicitud:<\/span><\/p><p><span style=\"font-weight: 400;\">a) estudiar\u00e1 la solicitud, incluida cualquier informaci\u00f3n facilitada por el interesado que sea pertinente para la misma, y<\/span><\/p><p><span style=\"font-weight: 400;\">b) informar por escrito al interesado del resultado de dicho examen.<\/span><\/p><\/td><\/tr><tr><td><p><b>Derecho a la informaci\u00f3n sobre la toma de decisiones<\/b><\/p><\/td><td><p><span style=\"font-weight: 400;\">D\u00f3nde:<\/span><\/p><p><span style=\"font-weight: 400;\">a) el responsable del tratamiento trate datos personales relativos a un interesado, y<\/span><\/p><p><span style=\"font-weight: 400;\">b) los resultados del tratamiento se aplican al interesado,<\/span><\/p><p><span style=\"font-weight: 400;\">\u00a0<\/span><\/p><p><span style=\"font-weight: 400;\">el interesado tiene derecho a obtener del responsable del tratamiento, previa solicitud, el conocimiento de los motivos en que se basa el tratamiento.<\/span><\/p><\/td><\/tr><tr><td><p><b>Derecho a oponerse al tratamiento<\/b><\/p><\/td><td><p><span style=\"font-weight: 400;\">El interesado tendr\u00e1 derecho en todo momento, mediante notificaci\u00f3n dirigida al responsable del tratamiento, a exigir al responsable del tratamiento:<\/span><\/p><p><span style=\"font-weight: 400;\">c) no tratar los datos personales del interesado, o<\/span><\/p><p><span style=\"font-weight: 400;\">d) no tratar dichos datos para un fin o de una manera determinados,<\/span><\/p><p><span style=\"font-weight: 400;\">\u00a0<\/span><\/p><p><span style=\"font-weight: 400;\">porque, por determinados motivos relacionados con la situaci\u00f3n del interesado, el tratamiento en cuesti\u00f3n constituye una injerencia injustificada en los intereses o derechos del interesado.<\/span><\/p><\/td><\/tr><tr><td><p><b>Derechos de rectificaci\u00f3n y supresi\u00f3n<\/b><\/p><\/td><td><p><span style=\"font-weight: 400;\">Si un tribunal considera, a petici\u00f3n de un interesado, que los datos personales que le conciernen son inexactos, podr\u00e1 ordenar al responsable del tratamiento que los rectifique sin dilaci\u00f3n indebida.<\/span><\/p><\/td><\/tr><\/tbody><\/table><p><span style=\"font-weight: 400;\">\u00a0<\/span><\/p><p><b>Usuarios de la UE<\/b><\/p><table><tbody><tr><td><p><b>Derecho de acceso<\/b><\/p><\/td><td><p><span style=\"font-weight: 400;\">La organizaci\u00f3n debe informar sobre:<\/span><\/p><p><span style=\"font-weight: 400;\">Los fines del tratamiento, las categor\u00edas de datos personales que se tratan y las posibles comunicaciones de datos y sus destinatarios.<\/span><\/p><p><span style=\"font-weight: 400;\">Si es posible, el plazo de conservaci\u00f3n de sus datos. Si no, los criterios para determinar este plazo.<\/span><\/p><p><span style=\"font-weight: 400;\">Derecho a solicitar la rectificaci\u00f3n o supresi\u00f3n de los datos, la limitaci\u00f3n del tratamiento, o a oponerse al mismo.<\/span><\/p><p><span style=\"font-weight: 400;\">Derecho a presentar una reclamaci\u00f3n ante la Autoridad de Control.<\/span><\/p><p><span style=\"font-weight: 400;\">Si se produce una transferencia internacional de datos, reciba informaci\u00f3n sobre las garant\u00edas adecuadas.<\/span><\/p><p><span style=\"font-weight: 400;\">La existencia de decisiones automatizadas (incluidos los perfiles), la l\u00f3gica aplicada y las consecuencias de este tratamiento.<\/span><\/p><\/td><\/tr><tr><td><p><b>Rectificaci\u00f3n<\/b><\/p><\/td><td><p><span style=\"font-weight: 400;\">Los interesados pueden solicitarlo:<\/span><\/p><p><span style=\"font-weight: 400;\">Rectificar los datos inexactos y completar los datos personales incompletos, incluso con una declaraci\u00f3n adicional.<\/span><\/p><\/td><\/tr><tr><td><p><b>Supresi\u00f3n \/ Borrado<\/b><\/p><\/td><td><p><span style=\"font-weight: 400;\">Los interesados pueden solicitarlo:<\/span><\/p><p><span style=\"font-weight: 400;\">La supresi\u00f3n de los datos personales sin la debida dilaci\u00f3n cuando concurra alguno de los supuestos contemplados. Por ejemplo, el tratamiento il\u00edcito de los datos, o cuando la finalidad que motiv\u00f3 el tratamiento o la recogida.<\/span><\/p><p><span style=\"font-weight: 400;\">Sin embargo, se regulan una serie de excepciones en las que no se aplicar\u00e1 este derecho. Por ejemplo, cuando deba prevalecer el derecho a la libertad de expresi\u00f3n e informaci\u00f3n.<\/span><\/p><\/td><\/tr><tr><td><p><b>Limitaci\u00f3n del tratamiento<\/b><\/p><\/td><td><p><span style=\"font-weight: 400;\">Los interesados pueden solicitar al responsable que suspenda el tratamiento de los datos cuando:<\/span><\/p><p><span style=\"font-weight: 400;\">Se impugna la exactitud de los datos, mientras que la exactitud es verificada por la persona responsable.<\/span><\/p><p><span style=\"font-weight: 400;\">El interesado ha ejercido su derecho de oposici\u00f3n al tratamiento de los datos, mientras se verifica si los motivos leg\u00edtimos del responsable prevalecen sobre el interesado.<\/span><\/p><p><span style=\"font-weight: 400;\">Pide al responsable que guarde tus datos personales cuando:<\/span><\/p><p><span style=\"font-weight: 400;\">El tratamiento de los datos es ilegal, y el interesado se opone a la supresi\u00f3n de sus datos y solicita en su lugar la limitaci\u00f3n de su uso.<\/span><\/p><p><span style=\"font-weight: 400;\">El responsable ya no necesita los datos para los fines del tratamiento, pero el interesado s\u00ed los necesita para la formulaci\u00f3n, el ejercicio o la defensa de reclamaciones.<\/span><\/p><\/td><\/tr><tr><td><p><b>Portabilidad de datos<\/b><\/p><\/td><td><p><span style=\"font-weight: 400;\">Los interesados pueden:<\/span><\/p><p><span style=\"font-weight: 400;\">Recibir los datos personales proporcionados en un formato estructurado, de uso com\u00fan y lectura mec\u00e1nica, y poder transmitirlos a otro responsable, siempre que sea t\u00e9cnicamente posible.<\/span><\/p><\/td><\/tr><tr><td><p><b>Oposici\u00f3n<\/b><\/p><\/td><td><p><span style=\"font-weight: 400;\">Los interesados pueden oponerse al tratamiento de los datos personales:<\/span><\/p><p><span style=\"font-weight: 400;\">Cuando por motivos relacionados con su situaci\u00f3n personal, el tratamiento de sus datos deba cesar, salvo que se acredite un inter\u00e9s leg\u00edtimo o sea necesario para el ejercicio o la defensa de reclamaciones.<\/span><\/p><p><span style=\"font-weight: 400;\">Cuando el tratamiento se centra en el marketing directo.<\/span><\/p><\/td><\/tr><tr><td><p><b>No ser objeto de una decisi\u00f3n individualizada<\/b><\/p><\/td><td><p><span style=\"font-weight: 400;\">Los interesados tienen derecho a no ser objeto de una decisi\u00f3n basada \u00fanicamente en un tratamiento automatizado, incluida la elaboraci\u00f3n de perfiles, que produzca efectos jur\u00eddicos o les afecte.<\/span><\/p><p><span style=\"font-weight: 400;\">Excepciones:<\/span><\/p><p><span style=\"font-weight: 400;\">Cuando sea necesario para la celebraci\u00f3n o ejecuci\u00f3n de un contrato.<\/span><\/p><p><span style=\"font-weight: 400;\">Cuando lo permita el Derecho de la UE o de los Estados miembros, con las medidas adecuadas para salvaguardar los derechos y libertades del titular de los datos.<\/span><\/p><p><span style=\"font-weight: 400;\">Cuando exista consentimiento expl\u00edcito del titular de los datos.<\/span><\/p><\/td><\/tr><\/tbody><\/table><p><b>Usuarios suizos<\/b><\/p><table><tbody><tr><td><p><b>Derecho de acceso<\/b><\/p><\/td><td><p><span style=\"font-weight: 400;\">Cualquier persona puede preguntar al responsable del tratamiento si se est\u00e1n tratando datos personales que le conciernen.<\/span><\/p><p><span style=\"font-weight: 400;\">\u00a0<\/span><\/p><p><span style=\"font-weight: 400;\">Se facilitar\u00e1 al interesado la informaci\u00f3n necesaria para que pueda hacer valer sus derechos con arreglo a esta ley y para garantizar la transparencia del tratamiento. En todos los casos, se facilitar\u00e1 al interesado la siguiente informaci\u00f3n<\/span><\/p><p><span style=\"font-weight: 400;\">\u00a0<\/span><\/p><p><span style=\"font-weight: 400;\">a) la identidad y los datos de contacto del responsable del tratamiento;<\/span><\/p><p><span style=\"font-weight: 400;\">b) los datos personales tratados como tales<\/span><\/p><p><span style=\"font-weight: 400;\">c) la finalidad del tratamiento<\/span><\/p><p><span style=\"font-weight: 400;\">d) la duraci\u00f3n del almacenamiento de los datos personales o, si esto no fuera posible, los criterios para determinar la duraci\u00f3n;<\/span><\/p><p><span style=\"font-weight: 400;\">e) la informaci\u00f3n disponible sobre el origen de los datos personales, en la medida en que dichos datos no hayan sido recabados del interesado;<\/span><\/p><p><span style=\"font-weight: 400;\">f) <\/span><span style=\"font-weight: 400;\">en su <\/span><span style=\"font-weight: 400;\">caso, la existencia de una decisi\u00f3n individual automatizada y la motivaci\u00f3n en la que se basa la decisi\u00f3n; y<\/span><\/p><p><span style=\"font-weight: 400;\">g) en su caso, los destinatarios o categor\u00edas de destinatarios a los que se comuniquen los datos personales.<\/span><\/p><\/td><\/tr><tr><td><p><b>Derecho de rectificaci\u00f3n<\/b><\/p><\/td><td><p><span style=\"font-weight: 400;\">Toda persona que trate datos personales deber\u00e1 garantizar su exactitud. Tomar\u00e1 todas las medidas apropiadas para rectificar, borrar o destruir los datos que sean inexactos o incompletos en relaci\u00f3n con los fines para los que se recaben o traten.<\/span><\/p><\/td><\/tr><tr><td><p><b>Derecho al borrado, \u00abderecho al olvido\u00bb.<\/b><\/p><\/td><td><p><span style=\"font-weight: 400;\">Los datos personales se destruyen o se convierten en an\u00f3nimos en cuanto dejan de ser necesarios para los fines del tratamiento.<\/span><\/p><p><span style=\"font-weight: 400;\">\u00a0<\/span><\/p><p><span style=\"font-weight: 400;\">Se trata del derecho a que se supriman los datos personales inexactos, inadecuados, no pertinentes o excesivos a petici\u00f3n del interesado.<\/span><\/p><p><span style=\"font-weight: 400;\">\u00a0<\/span><\/p><p><span style=\"font-weight: 400;\">Este derecho no es absoluto y est\u00e1 limitado en cuatro casos: un inter\u00e9s superior (p\u00fablico o privado) en conservar la informaci\u00f3n, en caso de libertad de informaci\u00f3n (personalidades p\u00fablicas), en caso de investigaci\u00f3n cient\u00edfica y si existe una obligaci\u00f3n legal de conservar los datos (archivos).<\/span><\/p><\/td><\/tr><tr><td><p><b>Derecho a la portabilidad de los datos<\/b><\/p><\/td><td><p><span style=\"font-weight: 400;\">El interesado podr\u00e1 solicitar al responsable del tratamiento que le facilite los datos personales que le conciernan y que le haya comunicado en un formato electr\u00f3nico de uso com\u00fan si se cumplen las siguientes condiciones:<\/span><\/p><p><span style=\"font-weight: 400;\">\u00a0<\/span><\/p><p><span style=\"font-weight: 400;\">a) el responsable del tratamiento trate los datos personales por medios automatizados;<\/span><\/p><p><span style=\"font-weight: 400;\">b) <\/span><span style=\"font-weight: 400;\">los <\/span><span style=\"font-weight: 400;\">datos personales se tratan con el consentimiento del interesado o en relaci\u00f3n directa con la celebraci\u00f3n o ejecuci\u00f3n de un contrato entre el interesado y el responsable del tratamiento.<\/span><\/p><p><span style=\"font-weight: 400;\">\u00a0<\/span><\/p><p><span style=\"font-weight: 400;\">El interesado tambi\u00e9n podr\u00e1 solicitar al responsable del tratamiento que transfiera sus datos personales a otro responsable del tratamiento, siempre que se cumplan las condiciones del apartado 1 y que ello no afecte negativamente al interesado.<\/span><\/p><\/td><\/tr><tr><td><p><b>Limitaci\u00f3n del tratamiento<\/b><\/p><\/td><td><p><span style=\"font-weight: 400;\">Toda persona afectada por la recogida y el tratamiento de datos personales tiene derecho a obtener del responsable del tratamiento, en cualquier momento y lo antes posible, la limitaci\u00f3n del tratamiento cuando concurra alguna de las circunstancias siguientes<\/span><\/p><p><span style=\"font-weight: 400;\">\u00a0<\/span><\/p><p><span style=\"font-weight: 400;\">a) el interesado impugna la exactitud de los datos (en este caso, el tratamiento se restringir\u00e1 durante el tiempo necesario para que el responsable del tratamiento verifique la exactitud de los datos)<\/span><\/p><p><span style=\"font-weight: 400;\">b) <\/span><span style=\"font-weight: 400;\">el <\/span><span style=\"font-weight: 400;\">tratamiento es il\u00edcito y el interesado prefiere la limitaci\u00f3n del uso de los datos a su supresi\u00f3n<\/span><\/p><p><span style=\"font-weight: 400;\">c) <\/span><span style=\"font-weight: 400;\">el <\/span><span style=\"font-weight: 400;\">responsable del tratamiento ya no necesita los datos para fines de tratamiento, pero el interesado puede seguir necesit\u00e1ndolos en el contexto de un procedimiento judicial<\/span><\/p><p><span style=\"font-weight: 400;\">d) el interesado ha ejercido su derecho a oponerse al tratamiento de los datos<\/span><\/p><\/td><\/tr><tr><td><p><b>Oposici\u00f3n<\/b><\/p><\/td><td><p><span style=\"font-weight: 400;\">El interesado puede solicitar la \u00abprohibici\u00f3n de un tratamiento espec\u00edfico de datos personales\u00bb y la \u00abprohibici\u00f3n de una comunicaci\u00f3n espec\u00edfica de datos personales a terceros\u00bb. Est\u00e1 limitado por cualquier inter\u00e9s superior (p\u00fablico o privado) del responsable del tratamiento.<\/span><\/p><\/td><\/tr><tr><td><p><b>Derecho a no ser objeto de decisiones individuales automatizadas<\/b><\/p><\/td><td><p><span style=\"font-weight: 400;\">Existen tres normas relativas a las decisiones automatizadas: un deber de informaci\u00f3n en caso de decisi\u00f3n individual automatizada (sobre la existencia de una decisi\u00f3n individual exclusivamente automatizada y la l\u00f3gica en la que se basa esta decisi\u00f3n) y la posibilidad de que la decisi\u00f3n sea revisada por un ser humano previa solicitud (Art. 21 nLPD), as\u00ed como un derecho espec\u00edfico de acceso (Art. 25, p\u00e1rrafo 2 f nLPD).<\/span><\/p><\/td><\/tr><\/tbody><\/table><p>\u00a0<\/p><p><span style=\"font-weight: 400;\">Puede encontrar informaci\u00f3n adicional sobre los derechos del interesado de acuerdo con la Ley de Protecci\u00f3n de Datos de 2018 (GDPR del Reino Unido)<\/span><a href=\"https:\/\/www.legislation.gov.uk\/ukpga\/2018\/12\/part\/4\/chapter\/3\" target=\"_blank\" rel=\"noopener\"> <b>aqu\u00ed<\/b><\/a><b>.<\/b><\/p><p>\u00a0<\/p><p><span style=\"font-weight: 400;\">Encontrar\u00e1 m\u00e1s informaci\u00f3n sobre la ley suiza de protecci\u00f3n de datos FF 2020 7397<\/span><a href=\"https:\/\/www.fedlex.admin.ch\/eli\/fga\/2020\/1998\/fr\" target=\"_blank\" rel=\"noopener\"> <b>aqu\u00ed<\/b><\/a><span style=\"font-weight: 400;\">.<\/span><\/p><p>\u00a0<\/p><p><span style=\"font-weight: 400;\">Los interesados pueden ejercer sus derechos frente a la empresa poni\u00e9ndose en contacto con nosotros en <\/span><b>legal@ehthele.com.<\/b><\/p><p>\u00a0<\/p><p><span style=\"font-weight: 400;\">Si no est\u00e1 satisfecho con nuestra resoluci\u00f3n, tenga en cuenta que siempre puede ponerse en contacto con la<\/span><a href=\"https:\/\/ico.org.uk\/global\/contact-us\/\" target=\"_blank\" rel=\"noopener\"> <span style=\"font-weight: 400;\">Information Commissioner\u2019s Office<\/span><\/a><span style=\"font-weight: 400;\">.<\/span><\/p><p>\u00a0<\/p><p><span style=\"font-weight: 400;\">Para otros comisarios de protecci\u00f3n de datos de la UE, puede acceder al siguiente enlace:<\/span><a href=\"https:\/\/ec.europa.eu\/justice\/article-29\/structure\/data-protection-authorities\/index_en.htm\" target=\"_blank\" rel=\"noopener\"> <span style=\"font-weight: 400;\">https:\/\/ec.europa.eu\/justice\/article-29\/structure\/data-protection-authorities\/index_en.htm<\/span><\/a><\/p><h6><b> 10. Derecho aplicable.<\/b><\/h6><p><span style=\"font-weight: 400;\">Esta pol\u00edtica se rige e interpreta de acuerdo con la legislaci\u00f3n del Reino Unido. Los tribunales de Londres son territorialmente competentes para conocer de cualquier litigio relacionado con el sitio web.<\/span><\/p><p><span style=\"font-weight: 400;\">\u00a0<\/span><\/p><h4><br \/><br \/><\/h4>\t\t\t\t\t\t<\/div>\n\t\t\t\t<\/div>\n\t\t\t\t\t<\/div>\n\t\t<\/div>\n\t\t\t\t      \r\n            \r\n              \r\n            \r\n            \t\r\n\t\t\t<\/div>\r\n\t\t<\/section>\r\n\t\t\t\t<\/div>\n\t\t","protected":false},"excerpt":{"rendered":"<p>EHTHELE POL\u00cdTICA DE PRIVACIDAD \u00a0 \u00a0 1. La empresa. \u00a0 Este sitio web est\u00e1 gestionado por Ehthele Limited, con direcci\u00f3n postal en Unit 3 Cedar Court, 1 Royal Oak Yard, Londres, Inglaterra, SE1 3GA (Controlador o Ehthele). \u00a0 2. Conceptos relevantes. \u00a0 Las siguientes definiciones se ofrecen para facilitar al lector la comprensi\u00f3n de la [&hellip;]<\/p>\n","protected":false},"author":1,"featured_media":0,"parent":0,"menu_order":0,"comment_status":"closed","ping_status":"open","template":"","meta":{"footnotes":""},"class_list":["post-62788","page","type-page","status-publish","hentry"],"acf":[],"_links":{"self":[{"href":"https:\/\/www.ehthele.com\/es\/wp-json\/wp\/v2\/pages\/62788","targetHints":{"allow":["GET"]}}],"collection":[{"href":"https:\/\/www.ehthele.com\/es\/wp-json\/wp\/v2\/pages"}],"about":[{"href":"https:\/\/www.ehthele.com\/es\/wp-json\/wp\/v2\/types\/page"}],"author":[{"embeddable":true,"href":"https:\/\/www.ehthele.com\/es\/wp-json\/wp\/v2\/users\/1"}],"replies":[{"embeddable":true,"href":"https:\/\/www.ehthele.com\/es\/wp-json\/wp\/v2\/comments?post=62788"}],"version-history":[{"count":4,"href":"https:\/\/www.ehthele.com\/es\/wp-json\/wp\/v2\/pages\/62788\/revisions"}],"predecessor-version":[{"id":62792,"href":"https:\/\/www.ehthele.com\/es\/wp-json\/wp\/v2\/pages\/62788\/revisions\/62792"}],"wp:attachment":[{"href":"https:\/\/www.ehthele.com\/es\/wp-json\/wp\/v2\/media?parent=62788"}],"curies":[{"name":"wp","href":"https:\/\/api.w.org\/{rel}","templated":true}]}}