{"id":63409,"date":"2021-12-27T02:19:59","date_gmt":"2021-12-27T02:19:59","guid":{"rendered":"https:\/\/www.ehthele.com\/privacy-policy\/"},"modified":"2023-10-05T07:46:58","modified_gmt":"2023-10-05T07:46:58","slug":"datenschutzrichtlinie","status":"publish","type":"page","link":"https:\/\/www.ehthele.com\/de\/datenschutzrichtlinie\/","title":{"rendered":"Datenschutzrichtlinie"},"content":{"rendered":"\t\t<div data-elementor-type=\"wp-page\" data-elementor-id=\"63409\" class=\"elementor elementor-63409 elementor-3\" data-elementor-post-type=\"page\">\n\t\t\t\t\t\t<section class=\"elementor-section elementor-top-section elementor-element elementor-element-20437860 elementor-section-boxed elementor-section-height-default elementor-section-height-default\" data-id=\"20437860\" data-element_type=\"section\">\r\n\t\t\t\t\t\t<div class=\"elementor-container elementor-column-gap-default jws_section_\" >\r\n\t\t\t\t<div class=\"elementor-column elementor-col-100 elementor-top-column elementor-element elementor-element-565a2d48\" data-id=\"565a2d48\" data-element_type=\"column\">\n\t\t\t<div class=\"elementor-widget-wrap elementor-element-populated\">\n\t\t\t\t\t\t<div class=\"elementor-element elementor-element-52848e07 elementor-widget elementor-widget-text-editor\" data-id=\"52848e07\" data-element_type=\"widget\" data-widget_type=\"text-editor.default\">\n\t\t\t\t<div class=\"elementor-widget-container\">\n\t\t\t<style>\/*! elementor - v3.21.0 - 26-05-2024 *\/\n.elementor-widget-text-editor.elementor-drop-cap-view-stacked .elementor-drop-cap{background-color:#69727d;color:#fff}.elementor-widget-text-editor.elementor-drop-cap-view-framed .elementor-drop-cap{color:#69727d;border:3px solid;background-color:transparent}.elementor-widget-text-editor:not(.elementor-drop-cap-view-default) .elementor-drop-cap{margin-top:8px}.elementor-widget-text-editor:not(.elementor-drop-cap-view-default) .elementor-drop-cap-letter{width:1em;height:1em}.elementor-widget-text-editor .elementor-drop-cap{float:left;text-align:center;line-height:1;font-size:50px}.elementor-widget-text-editor .elementor-drop-cap-letter{display:inline-block}<\/style>\t\t\t\t<h4><b>EHTHELE DATENSCHUTZRICHTLINIE<\/b><\/h4><p><b>\u00a0<\/b><\/p><h6><b><\/b><b>1. Das Unternehmen.<\/b><\/h6><p><span style=\"font-weight: 400;\">Diese Website wird von Ehthele Limited mit der Postanschrift Unit 3 Cedar Court, 1 Royal Oak Yard, London, England, SE1 3GA (Controller oder Ehthele) betrieben.<\/span><\/p><h6><b><\/b><b>2. Relevante Konzepte.<\/b><\/h6><p><span style=\"font-weight: 400;\">Die folgenden Definitionen sollen dem Leser das Verst\u00e4ndnis der Datenschutzpolitik erleichtern.<\/span><\/p><table><tbody><tr><td><p><b>Controller<\/b><\/p><\/td><td><p><span style=\"font-weight: 400;\">F\u00fcr die Zwecke der Datenschutz-Grundverordnung, wenn personenbezogene Daten nur verarbeitet werden.<\/span><\/p><p><span style=\"font-weight: 400;\">a) f\u00fcr Zwecke, f\u00fcr die die Verarbeitung durch eine Rechtsvorschrift vorgeschrieben ist, und<\/span><\/p><p><span style=\"font-weight: 400;\">b) mit Mitteln, deren Verarbeitung durch eine Rechtsvorschrift vorgeschrieben ist,<\/span><\/p><p><span style=\"font-weight: 400;\">die Person, der die Verpflichtung zur Verarbeitung der Daten durch den Rechtsakt (oder, falls abweichend, durch einen der Rechtsakte) auferlegt wird, ist der f\u00fcr die Verarbeitung Verantwortliche.<\/span><\/p><\/td><\/tr><tr><td><p><b>Pers\u00f6nliche Daten<\/b><\/p><\/td><td><p><span style=\"font-weight: 400;\">Alle Informationen, die sich auf eine identifizierte oder identifizierbare lebende Person beziehen<\/span><\/p><\/td><\/tr><tr><td><p><b>Identifizierbare lebende Person<\/b><\/p><\/td><td><p><span style=\"font-weight: 400;\">Bezeichnet eine lebende Person, die direkt oder indirekt identifiziert werden kann, insbesondere durch Bezugnahme auf:<\/span><\/p><p><span style=\"font-weight: 400;\">\u00a0<\/span><\/p><p><span style=\"font-weight: 400;\">a) eine Kennung wie einen Namen, eine Identifikationsnummer, Standortdaten oder eine Online-Kennung, oder<\/span><\/p><p><b>b) <\/b><span style=\"font-weight: 400;\">ein oder mehrere Faktoren, die mit der physischen, physiologischen, genetischen, psychischen, wirtschaftlichen, kulturellen oder sozialen Identit\u00e4t der Person zusammenh\u00e4ngen.<\/span><\/p><\/td><\/tr><tr><td><p><b>Gegenstand der Daten<\/b><\/p><\/td><td><p><span style=\"font-weight: 400;\">Bezeichnet die identifizierte oder identifizierbare lebende Person, auf die sich die personenbezogenen Daten beziehen.<\/span><\/p><\/td><\/tr><tr><td><p><b>Verarbeitung<\/b><\/p><\/td><td><p><span style=\"font-weight: 400;\">In Bezug auf Informationen bedeutet dies eine Operation oder eine Reihe von Operationen, die mit Informationen oder Informationsmengen durchgef\u00fchrt werden, wie z. B.:<\/span><\/p><p><span style=\"font-weight: 400;\">a) Sammlung, Aufzeichnung, Organisation, Strukturierung oder Speicherung,<\/span><\/p><p><span style=\"font-weight: 400;\">b) Anpassung oder \u00c4nderung,<\/span><\/p><p><span style=\"font-weight: 400;\">c) Abruf, Abfrage oder Nutzung,<\/span><\/p><p><span style=\"font-weight: 400;\">d) Offenlegung durch \u00dcbermittlung, Verbreitung oder sonstige Zug\u00e4nglichmachung,<\/span><\/p><p><span style=\"font-weight: 400;\">e) Angleichung oder Kombination, oder<\/span><\/p><p><span style=\"font-weight: 400;\">f) Einschr\u00e4nkung, L\u00f6schung oder Vernichtung,<\/span><\/p><\/td><\/tr><\/tbody><\/table><p><span style=\"font-weight: 400;\">\u00a0<\/span><\/p><h6><b><\/b><b>3. Pers\u00f6nliche Daten, die wir sammeln m\u00fcssen.<\/b><\/h6><p><span style=\"font-weight: 400;\">Je nachdem, wie Sie unsere Website nutzen, bitten wir Sie m\u00f6glicherweise um die folgenden Informationen:<\/span><\/p><ul><li><span style=\"font-weight: 400;\">Wenn Sie unseren <\/span><b>Newsletter-Service <\/b><span style=\"font-weight: 400;\">abonnieren m\u00f6chten, ben\u00f6tigen wir eine Anfrage:<\/span><\/li><\/ul><p><span style=\"font-weight: 400;\">\u00a0 \u00a0 \u00a0 \u00a0 \u00a0 a) Name<\/span><\/p><p><span style=\"font-weight: 400;\">\u00a0 \u00a0 \u00a0 \u00a0 \u00a0 b) Nachname<\/span><\/p><p><span style=\"font-weight: 400;\">\u00a0 \u00a0 \u00a0 \u00a0 \u00a0 c) E-Mail<\/span><\/p><p><span style=\"font-weight: 400;\">\u00a0 \u00a0 \u00a0 \u00a0 \u00a0 d) Geburtsdatum.<\/span><\/p><p><span style=\"font-weight: 400;\">\u00a0<\/span><\/p><ul><li><span style=\"font-weight: 400;\">Wenn Sie <\/span><b>ein Konto <\/b><span style=\"font-weight: 400;\">auf der Website <\/span><b>registrieren m\u00f6chten<\/b><span style=\"font-weight: 400;\">, m\u00fcssen wir Sie um die folgenden Angaben bitten:<\/span><\/li><\/ul><p><span style=\"font-weight: 400;\">\u00a0 \u00a0 \u00a0 \u00a0 \u00a0 a) Name<\/span><\/p><p><span style=\"font-weight: 400;\">\u00a0 \u00a0 \u00a0 \u00a0 \u00a0 b) Nachname<\/span><\/p><p><span style=\"font-weight: 400;\">\u00a0 \u00a0 \u00a0 \u00a0 \u00a0 c) E-Mail.<\/span><\/p><p><span style=\"font-weight: 400;\">\u00a0 \u00a0 \u00a0 \u00a0 \u00a0 d) Passwort (wir haben keinen Zugang zu Ihrem Passwort)<\/span><\/p><p><span style=\"font-weight: 400;\">\u00a0<\/span><\/p><ul><li><span style=\"font-weight: 400;\">Wenn Sie <\/span><b>ein Produkt <\/b><span style=\"font-weight: 400;\">von unserer Website <\/span><b>kaufen <\/b><span style=\"font-weight: 400;\">m\u00f6chten, m\u00fcssen wir Sie au\u00dferdem um zus\u00e4tzliche pers\u00f6nliche Daten f\u00fcr die Lieferung bitten.<\/span><\/li><\/ul><p><span style=\"font-weight: 400;\">\u00a0 \u00a0 \u00a0 \u00a0 \u00a0 a) Anschrift.<\/span><\/p><p><span style=\"font-weight: 400;\">\u00a0 \u00a0 \u00a0 \u00a0 \u00a0 b) Land.<\/span><\/p><p><span style=\"font-weight: 400;\">\u00a0 \u00a0 \u00a0 \u00a0 \u00a0 c) Bundesland\/Provinz.<\/span><\/p><p><span style=\"font-weight: 400;\">\u00a0 \u00a0 \u00a0 \u00a0 \u00a0 d) Stadt<\/span><\/p><p><span style=\"font-weight: 400;\">\u00a0 \u00a0 \u00a0 \u00a0 \u00a0 e) Postleitzahl<\/span><\/p><p><span style=\"font-weight: 400;\">\u00a0 \u00a0 \u00a0 \u00a0 \u00a0 f) Telefonnummer.<\/span><\/p><p><span style=\"font-weight: 400;\">\u00a0<\/span><\/p><p><b>&#8211; Cookies<\/b><span style=\"font-weight: 400;\">. Weitere Informationen finden Sie in Abschnitt 7.<\/span><\/p><h6><b><\/b><b>4. Zwecke der Datenverarbeitung.<\/b><\/h6><p><span style=\"font-weight: 400;\">Die gem\u00e4\u00df Abschnitt 3 \u00fcbermittelten personenbezogenen Daten werden f\u00fcr die folgenden Zwecke verarbeitet:<\/span><\/p><ul><li><span style=\"font-weight: 400;\">Zusendung von kommerziellen Informationen \u00fcber Ehthele-Produkte und -Dienstleistungen sowie von Werbeaktionen (Newsletter).<\/span><\/li><li><span style=\"font-weight: 400;\">Erstellung eines Kontos.<\/span><\/li><li><span style=\"font-weight: 400;\">Schlie\u00dfen Sie den Kauf- und Liefervorgang ab.<\/span><\/li><li><span style=\"font-weight: 400;\">Nutzung der Website.<\/span><\/li><\/ul><p><span style=\"font-weight: 400;\">\u00a0<\/span><\/p><h6><b><\/b><b>5. Rechtm\u00e4\u00dfige Verarbeitung.<\/b><\/h6><p><span style=\"font-weight: 400;\">Je nach dem Zweck der Website kann die Rechtsgrundlage f\u00fcr die Verarbeitung personenbezogener Daten sein:<\/span><\/p><p><span style=\"font-weight: 400;\">\u00a0 \u00a0 \u00a0a) die betroffene Person hat in die Verarbeitung ihrer personenbezogenen Daten f\u00fcr einen oder mehrere bestimmte Zwecke eingewilligt; (Newsletter, Cookies und Kontoanmeldung)<\/span><\/p><p><span style=\"font-weight: 400;\">\u00a0 \u00a0 \u00a0b) die Verarbeitung ist f\u00fcr die Erf\u00fcllung eines Vertrags, dessen Vertragspartei die betroffene Person ist, oder f\u00fcr die Durchf\u00fchrung von Ma\u00dfnahmen erforderlich, die auf Antrag der betroffenen Person vor Abschluss eines Vertrags erfolgen; (Kauf und Lieferung)<\/span><\/p><h6><b><\/b><b>6. Empf\u00e4nger von personenbezogenen Daten.<\/b><\/h6><p><span style=\"font-weight: 400;\">Die uns zur Verf\u00fcgung gestellten pers\u00f6nlichen Daten k\u00f6nnen zu Marketingzwecken und f\u00fcr die Lieferung der Eink\u00e4ufe an externe Unternehmen weitergegeben werden.<\/span><\/p><p><span style=\"font-weight: 400;\">Nachstehend finden Sie die Angaben zu den Drittunternehmen:<\/span><\/p><table><tbody><tr><td><p><b>Zweck<\/b><\/p><\/td><td><p><span style=\"font-weight: 400;\">Marketing<\/span><\/p><\/td><\/tr><tr><td><p><b>Unternehmen<\/b><\/p><\/td><td><p><span style=\"font-weight: 400;\">ElephantPink<\/span><\/p><\/td><\/tr><tr><td><p><b>Adresse<\/b><\/p><\/td><td><p><span style=\"font-weight: 400;\">C\/ Victor de la Serna, n\u00ba1. 29602. Marbella, M\u00e1laga, Spanien<\/span><\/p><\/td><\/tr><tr><td><p><b>E-Mail<\/b><\/p><\/td><td><p><span style=\"font-weight: 400;\">info@elephantpink.com<\/span><\/p><\/td><\/tr><\/tbody><\/table><p><span style=\"font-weight: 400;\">\u00a0<\/span><\/p><table><tbody><tr><td><p><b>Zweck<\/b><\/p><\/td><td><p><span style=\"font-weight: 400;\">Lieferung<\/span><\/p><\/td><\/tr><tr><td><p><b>Unternehmen<\/b><\/p><\/td><td><p><span style=\"font-weight: 400;\">Mail Boxes ETC.<\/span><\/p><\/td><\/tr><tr><td><p><b>Adresse<\/b><\/p><\/td><td><p><span style=\"font-weight: 400;\">\u00a0<\/span><\/p><\/td><\/tr><tr><td><p><b>E-Mail<\/b><\/p><\/td><td><p><span style=\"font-weight: 400;\">\u00a0<\/span><\/p><\/td><\/tr><\/tbody><\/table><p><span style=\"font-weight: 400;\">Mit der Annahme dieser Datenschutzerkl\u00e4rung akzeptieren Sie ausdr\u00fccklich die \u00dcbermittlung Ihrer personenbezogenen Daten an die oben genannten Unternehmen zu den beschriebenen Zwecken und stimmen dieser zu.<\/span><\/p><h6><b><\/b><b>7. Cookies.<\/b><\/h6><p><span style=\"font-weight: 400;\">Cookies sind Textdateien, die dazu dienen, Ihr Ger\u00e4t zu identifizieren, w\u00e4hrend Sie unsere Website nutzen. Die in einem Cookie enthaltenen Informationen werden vom Server erstellt, sobald Sie die Website betreten.<\/span><\/p><p><span style=\"font-weight: 400;\">Diese Daten werden mit einer f\u00fcr Sie und Ihren Computer eindeutigen ID klassifiziert. So kann unser System erkennen, wann Sie auf unsere Netzwerke zur\u00fcckkehren.<\/span><\/p><p><span style=\"font-weight: 400;\">Bitte beachten Sie, dass wir beim Besuch unserer Website bestimmte (notwendige) Cookies verarbeiten m\u00fcssen, wie unten dargestellt. Alle anderen Cookies, die nicht als notwendig gekennzeichnet sind, sind optional und wir werden Sie um Ihre Zustimmung bitten, sie zu verarbeiten.<\/span><\/p><table><tbody><tr><td><p><b>Name des Cookies<\/b><\/p><\/td><td><p><b>Anbieter<\/b><\/p><\/td><td><p><b>Verfallsdatum<\/b><\/p><\/td><td><p><b>Zweck<\/b><\/p><\/td><\/tr><tr><td><p><span style=\"font-weight: 400;\">_ga<\/span><\/p><\/td><td><p><span style=\"font-weight: 400;\">Google Analytics<\/span><\/p><\/td><td><p><span style=\"font-weight: 400;\">2 Jahre<\/span><\/p><\/td><td><p><span style=\"font-weight: 400;\">Sie wird zur Unterscheidung der Benutzer verwendet.<\/span><\/p><\/td><\/tr><tr><td><p><span style=\"font-weight: 400;\">_gid<\/span><\/p><\/td><td><p><span style=\"font-weight: 400;\">Google Analytics<\/span><\/p><\/td><td><p><span style=\"font-weight: 400;\">24 Stunden<\/span><\/p><\/td><td><p><span style=\"font-weight: 400;\">Sie wird zur Unterscheidung der Benutzer verwendet.<\/span><\/p><\/td><\/tr><tr><td><p><span style=\"font-weight: 400;\">_gat<\/span><\/p><\/td><td><p><span style=\"font-weight: 400;\">Google Analytics<\/span><\/p><\/td><td><p><span style=\"font-weight: 400;\">1 Minute<\/span><\/p><\/td><td><p><span style=\"font-weight: 400;\">Dient zur Begrenzung des Prozentsatzes der Anfragen.<\/span><\/p><\/td><\/tr><tr><td><p><span style=\"font-weight: 400;\">AMP_TOKEN<\/span><\/p><\/td><td><p><span style=\"font-weight: 400;\">Google Analytics<\/span><\/p><\/td><td><p><span style=\"font-weight: 400;\">30 Sekunden bis 1 Jahr<\/span><\/p><\/td><td><p><span style=\"font-weight: 400;\">Enth\u00e4lt ein Token, das zum Abrufen einer Client-ID vom AMP-Client-ID-Dienst verwendet werden kann. Andere m\u00f6gliche Werte zeigen Deaktivierungen, laufende Anfragen oder Fehler an, die beim Abrufen einer ID vom AMP-Client-ID-Dienst auftreten.<\/span><\/p><\/td><\/tr><tr><td><p><span style=\"font-weight: 400;\">_gac_&lt;property-id&gt;<\/span><\/p><\/td><td><p><span style=\"font-weight: 400;\">Google Analytics<\/span><\/p><\/td><td><p><span style=\"font-weight: 400;\">90 Tage<\/span><\/p><\/td><td><p><span style=\"font-weight: 400;\">Es enth\u00e4lt Kampagneninformationen \u00fcber den Nutzer. Wenn Sie Ihre Google Analytics- und AdWords-Konten miteinander verkn\u00fcpft haben, wird dieses Cookie von den Conversion-Tags der Website gelesen, sofern Sie es nicht deaktivieren.<\/span><\/p><\/td><\/tr><tr><td><p><span style=\"font-weight: 400;\">_hjSessionUser_{site_id}<\/span><\/p><\/td><td><p><span style=\"font-weight: 400;\">Hotjar<\/span><\/p><\/td><td><p><span style=\"font-weight: 400;\">365 Tage<\/span><\/p><\/td><td><p><span style=\"font-weight: 400;\">&#8211; Wird festgelegt, wenn ein Benutzer zum ersten Mal auf einer Seite landet.<\/span><\/p><p><span style=\"font-weight: 400;\">&#8211; Beh\u00e4lt die<\/span><a href=\"https:\/\/help.hotjar.com\/hc\/en-us\/articles\/115011669147\" target=\"_blank\" rel=\"noopener\"> <span style=\"font-weight: 400;\">Hotjar User ID<\/span><\/a><span style=\"font-weight: 400;\"> bei, die f\u00fcr diese Website eindeutig ist. Hotjar verfolgt Benutzer nicht \u00fcber verschiedene Websites hinweg.<\/span><\/p><p><span style=\"font-weight: 400;\">&#8211; Stellt sicher, dass die Daten von nachfolgenden Besuchen derselben Website derselben Benutzer-ID zugeordnet werden.<\/span><\/p><p><span style=\"font-weight: 400;\">\u00a0<\/span><\/p><p><span style=\"font-weight: 400;\">&#8211; JSON-Datentyp.<\/span><\/p><\/td><\/tr><tr><td><p><span style=\"font-weight: 400;\">_hjid<\/span><\/p><\/td><td><p><span style=\"font-weight: 400;\">Hotjar<\/span><\/p><\/td><td><p><span style=\"font-weight: 400;\">365 Tage<\/span><\/p><\/td><td><p><span style=\"font-weight: 400;\">&#8211; Dies ist ein altes Cookie, das wir nicht mehr setzen, aber wenn ein Benutzer es noch in seinem Browser hat, werden wir seinen Wert wiederverwenden und zu _hjSessionUser_{site_id} migrieren.<\/span><\/p><p><span style=\"font-weight: 400;\">&#8211; Wird festgelegt, wenn ein Benutzer zum ersten Mal auf einer Seite landet.<\/span><\/p><p><span style=\"font-weight: 400;\">&#8211; Beh\u00e4lt die<\/span><a href=\"https:\/\/help.hotjar.com\/hc\/en-us\/articles\/115011669147\" target=\"_blank\" rel=\"noopener\"> <span style=\"font-weight: 400;\">Hotjar User ID<\/span><\/a><span style=\"font-weight: 400;\"> bei, die f\u00fcr diese Website eindeutig ist.<\/span><\/p><p><span style=\"font-weight: 400;\">&#8211; Stellt sicher, dass die Daten von nachfolgenden Besuchen derselben Website derselben Benutzer-ID zugeordnet werden.<\/span><\/p><p><span style=\"font-weight: 400;\">&#8211; UUID-Datentyp.<\/span><\/p><\/td><\/tr><tr><td><p><span style=\"font-weight: 400;\">_hjFirstSeen<\/span><\/p><\/td><td><p><span style=\"font-weight: 400;\">Hotjar<\/span><\/p><\/td><td><p><span style=\"font-weight: 400;\">30 Minuten<\/span><\/p><\/td><td><p><span style=\"font-weight: 400;\">&#8211; Identifiziert die erste Sitzung eines neuen Benutzers.<\/span><\/p><p><span style=\"font-weight: 400;\">&#8211; Wird von Aufzeichnungsfiltern verwendet, um neue Benutzersitzungen zu identifizieren.<\/span><\/p><p><span style=\"font-weight: 400;\">&#8211; Datentyp Boolean true\/false.<\/span><\/p><\/td><\/tr><tr><td><p><span style=\"font-weight: 400;\">_hjHasCachedUserAttributes<\/span><\/p><\/td><td><p><span style=\"font-weight: 400;\">Hotjar<\/span><\/p><\/td><td><p><span style=\"font-weight: 400;\">Dauer der Sitzung<\/span><\/p><\/td><td><p><span style=\"font-weight: 400;\">&#8211; Erm\u00f6glicht es, festzustellen, ob die Daten im Element _hjUserAttributes Local Storage aktuell sind oder nicht.<\/span><\/p><p><span style=\"font-weight: 400;\">&#8211; Datentyp Boolean true\/false.<\/span><\/p><\/td><\/tr><tr><td><p><span style=\"font-weight: 400;\">_hjUserAttributesHash<\/span><\/p><\/td><td><p><span style=\"font-weight: 400;\">Hotjar<\/span><\/p><\/td><td><p><span style=\"font-weight: 400;\">2 Minuten Dauer, alle 30 Sekunden verl\u00e4ngert.<\/span><\/p><\/td><td><p><span style=\"font-weight: 400;\">&#8211; Erm\u00f6glicht es uns zu wissen, wenn sich ein Benutzerattribut ge\u00e4ndert hat und aktualisiert werden muss.<\/span><\/p><p><span style=\"font-weight: 400;\">&#8211; Inhalt Hash-Datentyp.<\/span><\/p><\/td><\/tr><tr><td><p><span style=\"font-weight: 400;\">_hjUserAttributes<\/span><\/p><\/td><td><p><span style=\"font-weight: 400;\">Hotjar<\/span><\/p><\/td><td><p><span style=\"font-weight: 400;\">Kein ausdr\u00fcckliches Verfallsdatum.<\/span><\/p><\/td><td><p><span style=\"font-weight: 400;\">&#8211; Speichert Benutzerattribute, die \u00fcber die Hotjar Identify API gesendet werden.<\/span><\/p><p><span style=\"font-weight: 400;\">&#8211; Base64-kodierter JSON-Datentyp.<\/span><\/p><\/td><\/tr><tr><td><p><span style=\"font-weight: 400;\">hjViewportId<\/span><\/p><\/td><td><p><span style=\"font-weight: 400;\">Hotjar<\/span><\/p><\/td><td><p><span style=\"font-weight: 400;\">Dauer der Sitzung.<\/span><\/p><\/td><td><p><span style=\"font-weight: 400;\">&#8211; Speichert Details des Benutzerfensters wie Gr\u00f6\u00dfe und Abmessungen.<\/span><\/p><p><span style=\"font-weight: 400;\">&#8211; UUID-Datentyp.<\/span><\/p><\/td><\/tr><tr><td><p><span style=\"font-weight: 400;\">hjActiveViewportIds<\/span><\/p><\/td><td><p><span style=\"font-weight: 400;\">Hotjar<\/span><\/p><\/td><td><p><span style=\"font-weight: 400;\">Speichert einen expirationTimestamp, der verwendet wird, um aktive Ansichtsfenster bei der Skriptinitialisierung zu validieren<\/span><\/p><\/td><td><p><span style=\"font-weight: 400;\">&#8211; Speichert die IDs der aktiven Benutzer-Viewports.<\/span><\/p><p><span style=\"font-weight: 400;\">&#8211; .JSON-Datentyp.<\/span><\/p><\/td><\/tr><\/tbody><\/table><p><span style=\"font-weight: 400;\">\u00a0<\/span><\/p><h6><b><\/b><b>8. \u00c4nderungen an der Datenschutzrichtlinie.<\/b><\/h6><p><span style=\"font-weight: 400;\">Der f\u00fcr die Verarbeitung Verantwortliche hat das Recht, diese Politik auf www.ehthele.com (der Website) jederzeit zu \u00e4ndern. Der Nutzer ist daf\u00fcr verantwortlich, die Richtlinie von Zeit zu Zeit zu \u00fcberpr\u00fcfen.<\/span><\/p><h6><b><\/b><b>9. Rechte der betroffenen Person und deren Aus\u00fcbung.<\/b><\/h6><p><b>F\u00fcr UK-Nutzer<\/b><\/p><p><span style=\"font-weight: 400;\">Die betroffenen Personen haben das Recht, die folgenden Rechte gem\u00e4\u00df dem Datenschutzgesetz 2018 auszu\u00fcben:<\/span><\/p><table><tbody><tr><td><p><b>Recht auf Information<\/b><\/p><\/td><td><p><span style=\"font-weight: 400;\">Die betroffene Person hat das Recht, die n\u00e4chsten Informationen zu erhalten:<\/span><\/p><p><span style=\"font-weight: 400;\">\u00a0<\/span><\/p><p><span style=\"font-weight: 400;\">a) die Identit\u00e4t und die Kontaktdaten des f\u00fcr die Verarbeitung Verantwortlichen;<\/span><\/p><p><span style=\"font-weight: 400;\">b) die Rechtsgrundlage, auf der der f\u00fcr die Verarbeitung Verantwortliche personenbezogene Daten verarbeitet, und die Zwecke, f\u00fcr die er sie verarbeitet;<\/span><\/p><p><span style=\"font-weight: 400;\">c) die Kategorien von personenbezogenen Daten der betroffenen Person, die verarbeitet werden;<\/span><\/p><p><span style=\"font-weight: 400;\">d) die Empf\u00e4nger oder die Kategorien von Empf\u00e4ngern der personenbezogenen Daten (falls zutreffend);<\/span><\/p><p><span style=\"font-weight: 400;\">e) das Recht, eine Beschwerde beim Kommissar einzureichen, und die Kontaktdaten des Kommissars;<\/span><\/p><p><span style=\"font-weight: 400;\">f) wie die Rechte der betroffenen Person ausge\u00fcbt werden k\u00f6nnen;<\/span><\/p><p><b>g) <\/b><span style=\"font-weight: 400;\">alle sonstigen Informationen, die erforderlich sind, um sicherzustellen, dass die personenbezogenen Daten nach Treu und Glauben und in transparenter Weise verarbeitet werden.<\/span><\/p><\/td><\/tr><tr><td><p><b>Recht auf Zugang<\/b><\/p><\/td><td><p><span style=\"font-weight: 400;\">Die betroffene Person hat das Recht, eine Best\u00e4tigung dar\u00fcber zu erhalten, ob sie betreffende personenbezogene Daten verarbeitet werden, und wenn ja, welche:<\/span><\/p><p><span style=\"font-weight: 400;\">\u00a0<\/span><\/p><p><span style=\"font-weight: 400;\">a) die Mitteilung der personenbezogenen Daten, die diese Person betreffen, in verst\u00e4ndlicher Form, und<\/span><\/p><p><span style=\"font-weight: 400;\">b) die Zwecke und die Rechtsgrundlage f\u00fcr die Verarbeitung;<\/span><\/p><p><span style=\"font-weight: 400;\">c) die Kategorien der betroffenen personenbezogenen Daten;<\/span><\/p><p><span style=\"font-weight: 400;\">d) die Empf\u00e4nger oder Kategorien von Empf\u00e4ngern, an die die personenbezogenen Daten weitergegeben wurden;<\/span><\/p><p><span style=\"font-weight: 400;\">e) den Zeitraum, f\u00fcr den die personenbezogenen Daten aufzubewahren sind;<\/span><\/p><p><span style=\"font-weight: 400;\">f) <\/span><span style=\"font-weight: 400;\">das Bestehen <\/span><span style=\"font-weight: 400;\">von Rechten der betroffenen Person auf Berichtigung und L\u00f6schung von personenbezogenen Daten;<\/span><\/p><p><span style=\"font-weight: 400;\">g) das Recht, eine Beschwerde beim Beauftragten einzureichen, und die Kontaktdaten des Beauftragten;<\/span><\/p><p><b>h) <\/b><span style=\"font-weight: 400;\">alle Informationen \u00fcber die Herkunft der betreffenden personenbezogenen Daten.<\/span><\/p><\/td><\/tr><tr><td><p><b>Recht, keiner automatisierten Entscheidungsfindung unterworfen zu werden<\/b><\/p><\/td><td><p><span style=\"font-weight: 400;\">Der f\u00fcr die Verarbeitung Verantwortliche darf eine Entscheidung, die eine betroffene Person erheblich beeintr\u00e4chtigt, nicht ausschlie\u00dflich auf der Grundlage einer automatisierten Verarbeitung personenbezogener Daten der betroffenen Person treffen.<\/span><\/p><\/td><\/tr><tr><td><p><b>Recht auf Intervention bei automatisierten Entscheidungen<\/b><\/p><\/td><td><p><span style=\"font-weight: 400;\">Trifft der f\u00fcr die Verarbeitung Verantwortliche eine Entscheidung, die eine betroffene Person erheblich beeintr\u00e4chtigt und die ausschlie\u00dflich auf einer automatisierten Verarbeitung personenbezogener Daten der betroffenen Person beruht, so hat er die betroffene Person so rasch wie m\u00f6glich von dieser Entscheidung in Kenntnis zu setzen.<\/span><\/p><p><span style=\"font-weight: 400;\">\u00a0<\/span><\/p><p><span style=\"font-weight: 400;\">Die betroffene Person kann vor Ablauf des Monats, der mit dem Eingang der Mitteilung beginnt, von dem f\u00fcr die Verarbeitung Verantwortlichen verlangen, dass er sie von der Verarbeitung ausschlie\u00dft:<\/span><\/p><p><span style=\"font-weight: 400;\">a) die Entscheidung zu \u00fcberdenken, oder<\/span><\/p><p><span style=\"font-weight: 400;\">b) eine neue Entscheidung zu treffen, die sich nicht ausschlie\u00dflich auf eine automatisierte Verarbeitung st\u00fctzt.<\/span><\/p><p><span style=\"font-weight: 400;\">\u00a0<\/span><\/p><p><span style=\"font-weight: 400;\">Wird ein Antrag an den f\u00fcr die Verarbeitung Verantwortlichen gestellt, so muss dieser vor Ablauf der Frist von einem Monat nach Eingang des Antrags<\/span><\/p><p><span style=\"font-weight: 400;\">a) Sie pr\u00fcft den Antrag, einschlie\u00dflich aller von der betroffenen Person bereitgestellten Informationen, die f\u00fcr den Antrag relevant sind, und<\/span><\/p><p><span style=\"font-weight: 400;\">b) die betroffene Person durch eine schriftliche Mitteilung \u00fcber das Ergebnis dieser Pr\u00fcfung zu informieren.<\/span><\/p><\/td><\/tr><tr><td><p><b>Recht auf Information \u00fcber die Entscheidungsfindung<\/b><\/p><\/td><td><p><span style=\"font-weight: 400;\">Wo:<\/span><\/p><p><span style=\"font-weight: 400;\">a) der f\u00fcr die Verarbeitung Verantwortliche personenbezogene Daten \u00fcber eine betroffene Person verarbeitet, und<\/span><\/p><p><span style=\"font-weight: 400;\">b) die durch die Verarbeitung gewonnenen Ergebnisse werden der betroffenen Person zugerechnet,<\/span><\/p><p><span style=\"font-weight: 400;\">\u00a0<\/span><\/p><p><span style=\"font-weight: 400;\">die betroffene Person hat das Recht, von dem f\u00fcr die Verarbeitung Verantwortlichen auf Antrag Auskunft \u00fcber die Gr\u00fcnde f\u00fcr die Verarbeitung zu erhalten.<\/span><\/p><\/td><\/tr><tr><td><p><b>Recht auf Widerspruch gegen die Verarbeitung<\/b><\/p><\/td><td><p><span style=\"font-weight: 400;\">Die betroffene Person hat das Recht, von dem f\u00fcr die Verarbeitung Verantwortlichen jederzeit eine Mitteilung zu verlangen:<\/span><\/p><p><span style=\"font-weight: 400;\">c) die personenbezogenen Daten der betroffenen Person nicht zu verarbeiten, oder<\/span><\/p><p><span style=\"font-weight: 400;\">d) diese Daten nicht f\u00fcr einen bestimmten Zweck oder in einer bestimmten Weise zu verarbeiten,<\/span><\/p><p><span style=\"font-weight: 400;\">\u00a0<\/span><\/p><p><span style=\"font-weight: 400;\">wenn die betreffende Verarbeitung aus Gr\u00fcnden, die sich aus der Situation der betroffenen Person ergeben, einen ungerechtfertigten Eingriff in die Interessen oder Rechte der betroffenen Person darstellt.<\/span><\/p><\/td><\/tr><tr><td><p><b>Recht auf Berichtigung und L\u00f6schung<\/b><\/p><\/td><td><p><span style=\"font-weight: 400;\">Stellt ein Gericht auf Antrag einer betroffenen Person fest, dass sie betreffende personenbezogene Daten unrichtig sind, so kann das Gericht den f\u00fcr die Verarbeitung Verantwortlichen anweisen, diese Daten unverz\u00fcglich zu berichtigen.<\/span><\/p><\/td><\/tr><\/tbody><\/table><p><span style=\"font-weight: 400;\">\u00a0<\/span><\/p><p><b>EU-Benutzer<\/b><\/p><table><tbody><tr><td><p><b>Recht auf Zugang<\/b><\/p><\/td><td><p><span style=\"font-weight: 400;\">Die Organisation muss dar\u00fcber informieren:<\/span><\/p><p><span style=\"font-weight: 400;\">Die Zwecke der Behandlung, die Kategorien von personenbezogenen Daten, die verarbeitet werden, und die m\u00f6glichen Daten\u00fcbermittlungen und deren Empf\u00e4nger.<\/span><\/p><p><span style=\"font-weight: 400;\">Wenn m\u00f6glich, die Dauer der Aufbewahrung Ihrer Daten. Wenn nicht, die Kriterien zur Bestimmung dieser Frist.<\/span><\/p><p><span style=\"font-weight: 400;\">Das Recht, die Berichtigung oder L\u00f6schung der Daten, die Einschr\u00e4nkung der Behandlung zu verlangen oder sich dieser zu widersetzen.<\/span><\/p><p><span style=\"font-weight: 400;\">Das Recht, bei der Kontrollstelle eine Beschwerde einzureichen.<\/span><\/p><p><span style=\"font-weight: 400;\">Im Falle eines internationalen Datentransfers erhalten Sie Informationen \u00fcber die entsprechenden Garantien.<\/span><\/p><p><span style=\"font-weight: 400;\">Das Vorhandensein von automatisierten Entscheidungen (einschlie\u00dflich Profilen), die angewandte Logik und die Folgen dieser Behandlung.<\/span><\/p><\/td><\/tr><tr><td><p><b>Richtigstellung<\/b><\/p><\/td><td><p><span style=\"font-weight: 400;\">Interessierte Parteien k\u00f6nnen einen Antrag stellen:<\/span><\/p><p><span style=\"font-weight: 400;\">Die Berichtigung unrichtiger Daten und die Vervollst\u00e4ndigung unvollst\u00e4ndiger personenbezogener Daten, auch mit einer zus\u00e4tzlichen Erkl\u00e4rung.<\/span><\/p><\/td><\/tr><tr><td><p><b>Unterdr\u00fcckung\/L\u00f6schung<\/b><\/p><\/td><td><p><span style=\"font-weight: 400;\">Interessierte Parteien k\u00f6nnen einen Antrag stellen:<\/span><\/p><p><span style=\"font-weight: 400;\">Die unverz\u00fcgliche L\u00f6schung personenbezogener Daten, wenn einer der genannten F\u00e4lle zutrifft. Zum Beispiel, illegale Behandlung von Daten, oder wenn der Zweck, der die Behandlung oder Sammlung motiviert.<\/span><\/p><p><span style=\"font-weight: 400;\">Es sind jedoch eine Reihe von Ausnahmen geregelt, in denen dieses Recht nicht gilt. Zum Beispiel, wenn das Recht auf freie Meinungs\u00e4u\u00dferung und Informationsfreiheit Vorrang haben soll.<\/span><\/p><\/td><\/tr><tr><td><p><b>Einschr\u00e4nkung der Behandlung<\/b><\/p><\/td><td><p><span style=\"font-weight: 400;\">Betroffene Personen k\u00f6nnen den Verantwortlichen auffordern, die Verarbeitung von Daten auszusetzen, wenn:<\/span><\/p><p><span style=\"font-weight: 400;\">Die Richtigkeit der Daten wird bestritten, w\u00e4hrend die Richtigkeit von der verantwortlichen Person \u00fcberpr\u00fcft wird.<\/span><\/p><p><span style=\"font-weight: 400;\">Der Betroffene hat von seinem Recht Gebrauch gemacht, sich der Datenverarbeitung zu widersetzen, wobei gepr\u00fcft wird, ob die berechtigten Gr\u00fcnde des Verantwortlichen gegen\u00fcber dem Betroffenen \u00fcberwiegen.<\/span><\/p><p><span style=\"font-weight: 400;\">Bitten Sie die verantwortliche Person, Ihre pers\u00f6nlichen Daten aufzubewahren, wenn:<\/span><\/p><p><span style=\"font-weight: 400;\">Die Datenverarbeitung ist rechtswidrig, und der Betroffene widersetzt sich der L\u00f6schung seiner Daten und fordert stattdessen die Einschr\u00e4nkung ihrer Verwendung.<\/span><\/p><p><span style=\"font-weight: 400;\">Der Verantwortliche ben\u00f6tigt die Daten nicht mehr f\u00fcr die Zwecke der Behandlung, der Betroffene ben\u00f6tigt sie jedoch f\u00fcr die Formulierung, Aus\u00fcbung oder Verteidigung von Anspr\u00fcchen.<\/span><\/p><\/td><\/tr><tr><td><p><b>\u00dcbertragbarkeit von Daten<\/b><\/p><\/td><td><p><span style=\"font-weight: 400;\">Interessierte Parteien k\u00f6nnen:<\/span><\/p><p><span style=\"font-weight: 400;\">die \u00fcbermittelten personenbezogenen Daten in einem strukturierten, allgemein gebr\u00e4uchlichen und maschinell lesbaren Format zu erhalten und in der Lage zu sein, sie an einen anderen Verantwortlichen zu \u00fcbermitteln, sofern dies technisch m\u00f6glich ist.<\/span><\/p><\/td><\/tr><tr><td><p><b>Opposition<\/b><\/p><\/td><td><p><span style=\"font-weight: 400;\">Betroffene Personen k\u00f6nnen sich der Verarbeitung personenbezogener Daten widersetzen:<\/span><\/p><p><span style=\"font-weight: 400;\">Aus Gr\u00fcnden, die sich auf Ihre pers\u00f6nliche Situation beziehen, muss die Verarbeitung Ihrer Daten eingestellt werden, es sei denn, es wird ein berechtigtes Interesse nachgewiesen oder sie ist zur Geltendmachung oder Verteidigung von Anspr\u00fcchen erforderlich.<\/span><\/p><p><span style=\"font-weight: 400;\">Wenn die Behandlung auf Direktmarketing ausgerichtet ist.<\/span><\/p><\/td><\/tr><tr><td><p><b>Nicht Gegenstand einer Einzelfallentscheidung sein<\/b><\/p><\/td><td><p><span style=\"font-weight: 400;\">Die betroffenen Personen haben das Recht, nicht einer ausschlie\u00dflich auf einer automatisierten Verarbeitung &#8211; einschlie\u00dflich Profiling &#8211; beruhenden Entscheidung unterworfen zu werden, die ihnen gegen\u00fcber rechtliche Wirkung entfaltet oder sie beeintr\u00e4chtigt.<\/span><\/p><p><span style=\"font-weight: 400;\">Ausnahmen:<\/span><\/p><p><span style=\"font-weight: 400;\">Wenn sie f\u00fcr den Abschluss oder die Ausf\u00fchrung eines Vertrags erforderlich ist.<\/span><\/p><p><span style=\"font-weight: 400;\">Wenn dies nach dem Recht der EU oder der Mitgliedstaaten zul\u00e4ssig ist, mit angemessenen Ma\u00dfnahmen zum Schutz der Rechte und Freiheiten des Dateninhabers.<\/span><\/p><p><span style=\"font-weight: 400;\">Wenn die ausdr\u00fcckliche Zustimmung des Inhabers der Daten vorliegt.<\/span><\/p><\/td><\/tr><\/tbody><\/table><p><b>Schweizer Benutzer<\/b><\/p><table><tbody><tr><td><p><b>Recht auf Zugang<\/b><\/p><\/td><td><p><span style=\"font-weight: 400;\">Jede Person kann den f\u00fcr die Verarbeitung Verantwortlichen fragen, ob sie betreffende personenbezogene Daten verarbeitet werden.<\/span><\/p><p><span style=\"font-weight: 400;\">\u00a0<\/span><\/p><p><span style=\"font-weight: 400;\">Der betroffenen Person werden die Informationen zur Verf\u00fcgung gestellt, die sie ben\u00f6tigt, um ihre Rechte gem\u00e4\u00df diesem Gesetz geltend zu machen und die Transparenz der Verarbeitung zu gew\u00e4hrleisten. In jedem Fall werden der betroffenen Person die folgenden Informationen zur Verf\u00fcgung gestellt<\/span><\/p><p><span style=\"font-weight: 400;\">\u00a0<\/span><\/p><p><span style=\"font-weight: 400;\">a) die Identit\u00e4t und die Kontaktdaten des f\u00fcr die Verarbeitung Verantwortlichen;<\/span><\/p><p><span style=\"font-weight: 400;\">b) die als solche verarbeiteten personenbezogenen Daten<\/span><\/p><p><span style=\"font-weight: 400;\">c) den Zweck der Verarbeitung<\/span><\/p><p><span style=\"font-weight: 400;\">d) die Dauer der Speicherung der personenbezogenen Daten oder, falls dies nicht m\u00f6glich ist, die Kriterien f\u00fcr die Festlegung der Dauer;<\/span><\/p><p><span style=\"font-weight: 400;\">e) die verf\u00fcgbaren Informationen \u00fcber die Herkunft der personenbezogenen Daten, sofern diese Daten nicht bei der betroffenen Person erhoben wurden;<\/span><\/p><p><span style=\"font-weight: 400;\">f) gegebenenfalls das Vorliegen einer automatisierten Einzelentscheidung und die Gr\u00fcnde, auf die sich die Entscheidung st\u00fctzt; und<\/span><\/p><p><span style=\"font-weight: 400;\">g) gegebenenfalls die Empf\u00e4nger oder Kategorien von Empf\u00e4ngern, an die die personenbezogenen Daten weitergegeben werden.<\/span><\/p><\/td><\/tr><tr><td><p><b>Recht auf Berichtigung<\/b><\/p><\/td><td><p><span style=\"font-weight: 400;\">Jede Person, die personenbezogene Daten verarbeitet, muss deren Richtigkeit sicherstellen. Er trifft alle geeigneten Ma\u00dfnahmen, um Daten zu berichtigen, zu l\u00f6schen oder zu vernichten, die im Hinblick auf die Zwecke, f\u00fcr die sie erhoben oder verarbeitet werden, unrichtig oder unvollst\u00e4ndig sind.<\/span><\/p><\/td><\/tr><tr><td><p><b>Recht auf L\u00f6schung, &#8222;das Recht auf Vergessenwerden&#8220;.<\/b><\/p><\/td><td><p><span style=\"font-weight: 400;\">Die personenbezogenen Daten werden vernichtet oder anonymisiert, sobald sie f\u00fcr die Zwecke der Verarbeitung nicht mehr erforderlich sind.<\/span><\/p><p><span style=\"font-weight: 400;\">\u00a0<\/span><\/p><p><span style=\"font-weight: 400;\">Es handelt sich um das Recht, auf Antrag der betroffenen Person unrichtige, unangemessene, irrelevante oder \u00fcberm\u00e4\u00dfige personenbezogene Daten l\u00f6schen zu lassen.<\/span><\/p><p><span style=\"font-weight: 400;\">\u00a0<\/span><\/p><p><span style=\"font-weight: 400;\">Dieses Recht ist nicht absolut und wird in vier F\u00e4llen eingeschr\u00e4nkt: wenn ein \u00fcberwiegendes (\u00f6ffentliches oder privates) Interesse an der Aufbewahrung der Daten besteht, im Falle der Informationsfreiheit (Personen des \u00f6ffentlichen Lebens), im Falle der wissenschaftlichen Forschung und wenn eine gesetzliche Verpflichtung zur Aufbewahrung der Daten besteht (Archive).<\/span><\/p><\/td><\/tr><tr><td><p><b>Recht auf Daten\u00fcbertragbarkeit<\/b><\/p><\/td><td><p><span style=\"font-weight: 400;\">Die betroffene Person kann von dem f\u00fcr die Verarbeitung Verantwortlichen verlangen, dass er ihr die sie betreffenden personenbezogenen Daten, die er ihr mitgeteilt hat, in einem g\u00e4ngigen elektronischen Format zur Verf\u00fcgung stellt, wenn die folgenden Bedingungen erf\u00fcllt sind:<\/span><\/p><p><span style=\"font-weight: 400;\">\u00a0<\/span><\/p><p><span style=\"font-weight: 400;\">a) Der f\u00fcr die Verarbeitung Verantwortliche verarbeitet die personenbezogenen Daten mit Hilfe automatisierter Verfahren;<\/span><\/p><p><span style=\"font-weight: 400;\">b) die personenbezogenen Daten mit Einwilligung der betroffenen Person oder in unmittelbarem Zusammenhang mit dem Abschluss oder der Erf\u00fcllung eines Vertrags zwischen der betroffenen Person und dem f\u00fcr die Verarbeitung Verantwortlichen verarbeitet werden.<\/span><\/p><p><span style=\"font-weight: 400;\">\u00a0<\/span><\/p><p><span style=\"font-weight: 400;\">Die betroffene Person kann von dem f\u00fcr die Verarbeitung Verantwortlichen auch verlangen, dass ihre personenbezogenen Daten an einen anderen f\u00fcr die Verarbeitung Verantwortlichen \u00fcbermittelt werden, sofern die Voraussetzungen von Absatz 1 erf\u00fcllt sind und sich dies nicht nachteilig auf die betroffene Person auswirkt.<\/span><\/p><\/td><\/tr><tr><td><p><b>Einschr\u00e4nkung der Behandlung<\/b><\/p><\/td><td><p><span style=\"font-weight: 400;\">Jede von der Erhebung und Verarbeitung personenbezogener Daten betroffene Person hat das Recht, von dem f\u00fcr die Verarbeitung Verantwortlichen jederzeit und so schnell wie m\u00f6glich die Einschr\u00e4nkung der Verarbeitung zu verlangen, wenn einer der folgenden Umst\u00e4nde vorliegt<\/span><\/p><p><span style=\"font-weight: 400;\">\u00a0<\/span><\/p><p><span style=\"font-weight: 400;\">a) die betroffene Person bestreitet die Richtigkeit der Daten (in diesem Fall wird die Verarbeitung f\u00fcr den Zeitraum eingeschr\u00e4nkt, den der f\u00fcr die Verarbeitung Verantwortliche ben\u00f6tigt, um die Richtigkeit der Daten zu \u00fcberpr\u00fcfen)<\/span><\/p><p><span style=\"font-weight: 400;\">b) die Verarbeitung unrechtm\u00e4\u00dfig ist und die betroffene Person die Einschr\u00e4nkung der Nutzung der Daten der L\u00f6schung vorzieht<\/span><\/p><p><span style=\"font-weight: 400;\">c) der f\u00fcr die Verarbeitung Verantwortliche die Daten f\u00fcr die Zwecke der Verarbeitung nicht mehr ben\u00f6tigt, die Daten aber von der betroffenen Person im Rahmen eines Gerichtsverfahrens noch ben\u00f6tigt werden k\u00f6nnen<\/span><\/p><p><span style=\"font-weight: 400;\">d) die betroffene Person hat von ihrem Recht Gebrauch gemacht, der Verarbeitung ihrer Daten zu widersprechen<\/span><\/p><\/td><\/tr><tr><td><p><b>Opposition<\/b><\/p><\/td><td><p><span style=\"font-weight: 400;\">Die betroffene Person kann das &#8222;Verbot einer bestimmten Verarbeitung personenbezogener Daten&#8220; und das &#8222;Verbot einer bestimmten \u00dcbermittlung personenbezogener Daten an Dritte&#8220; beantragen. Sie wird durch ein \u00fcberwiegendes (\u00f6ffentliches oder privates) Interesse des f\u00fcr die Verarbeitung Verantwortlichen eingeschr\u00e4nkt.<\/span><\/p><\/td><\/tr><tr><td><p><b>Recht, keinen automatisierten Einzelentscheidungen unterworfen zu werden<\/b><\/p><\/td><td><p><span style=\"font-weight: 400;\">Es gibt drei Regeln f\u00fcr automatisierte Entscheidungen: eine Informationspflicht im Falle einer automatisierten Einzelentscheidung (\u00fcber das Vorliegen einer ausschlie\u00dflich automatisierten Einzelentscheidung und die Logik, auf der diese Entscheidung beruht) und die M\u00f6glichkeit, dass die Entscheidung auf Antrag von einem Menschen \u00fcberpr\u00fcft werden kann (Art. 21 nLPD), sowie ein spezifisches Auskunftsrecht (Art. 25, Abs. 2 f nLPD).<\/span><\/p><\/td><\/tr><\/tbody><\/table><p><span style=\"font-weight: 400;\">Weitere Informationen zu den Rechten der betroffenen Person nach dem Data Protection Act 2018 (UK GDPR) finden Sie<\/span><a href=\"https:\/\/www.legislation.gov.uk\/ukpga\/2018\/12\/part\/4\/chapter\/3\" target=\"_blank\" rel=\"noopener\"> <b>hier<\/b><\/a><b>.<\/b><\/p><p><span style=\"font-weight: 400;\">Weitere Informationen zum schweizerischen Datenschutzgesetz FF 2020 7397 finden Sie<\/span><a href=\"https:\/\/www.fedlex.admin.ch\/eli\/fga\/2020\/1998\/fr\" target=\"_blank\" rel=\"noopener\"> <b>hier<\/b><\/a><span style=\"font-weight: 400;\">.<\/span><\/p><p><span style=\"font-weight: 400;\">Die betroffenen Personen k\u00f6nnen ihre Rechte gegen\u00fcber dem Unternehmen aus\u00fcben, indem sie uns unter <\/span><b>legal@ehthele.com <\/b><span style=\"font-weight: 400;\">kontaktieren<\/span><b>.<\/b><\/p><p><span style=\"font-weight: 400;\">Sollten Sie mit unserer L\u00f6sung nicht zufrieden sein, k\u00f6nnen Sie sich jederzeit an das<\/span><a href=\"https:\/\/ico.org.uk\/global\/contact-us\/\" target=\"_blank\" rel=\"noopener\"> <span style=\"font-weight: 400;\">Information Commissioner&#8217;s Office<\/span><\/a><span style=\"font-weight: 400;\"> wenden.<\/span><\/p><p><span style=\"font-weight: 400;\">Die anderen EU-Datenschutzbeauftragten finden Sie unter folgendem Link:<\/span><a href=\"https:\/\/ec.europa.eu\/justice\/article-29\/structure\/data-protection-authorities\/index_en.htm\" target=\"_blank\" rel=\"noopener\"> <span style=\"font-weight: 400;\">https:\/\/ec.europa.eu\/justice\/article-29\/structure\/data-protection-authorities\/index_en.htm<\/span><\/a><\/p><h6><b>10. Anwendbares Recht.<\/b><\/h6><p><span style=\"font-weight: 400;\">Diese Richtlinie unterliegt britischem Recht und wird nach diesem ausgelegt. Die Londoner Gerichte sind f\u00fcr alle Streitigkeiten im Zusammenhang mit dieser Website zust\u00e4ndig.<\/span><\/p><p><span style=\"font-weight: 400;\">\u00a0<\/span><\/p><h4><br \/><br \/><\/h4>\t\t\t\t\t\t<\/div>\n\t\t\t\t<\/div>\n\t\t\t\t\t<\/div>\n\t\t<\/div>\n\t\t\t\t      \r\n            \r\n              \r\n            \r\n            \t\r\n\t\t\t<\/div>\r\n\t\t<\/section>\r\n\t\t\t\t<\/div>\n\t\t","protected":false},"excerpt":{"rendered":"<p>EHTHELE DATENSCHUTZRICHTLINIE \u00a0 1. Das Unternehmen. Diese Website wird von Ehthele Limited mit der Postanschrift Unit 3 Cedar Court, 1 Royal Oak Yard, London, England, SE1 3GA (Controller oder Ehthele) betrieben. 2. Relevante Konzepte. Die folgenden Definitionen sollen dem Leser das Verst\u00e4ndnis der Datenschutzpolitik erleichtern. Controller F\u00fcr die Zwecke der Datenschutz-Grundverordnung, wenn personenbezogene Daten nur [&hellip;]<\/p>\n","protected":false},"author":1,"featured_media":0,"parent":0,"menu_order":0,"comment_status":"closed","ping_status":"open","template":"","meta":{"footnotes":""},"class_list":["post-63409","page","type-page","status-publish","hentry"],"acf":[],"_links":{"self":[{"href":"https:\/\/www.ehthele.com\/de\/wp-json\/wp\/v2\/pages\/63409","targetHints":{"allow":["GET"]}}],"collection":[{"href":"https:\/\/www.ehthele.com\/de\/wp-json\/wp\/v2\/pages"}],"about":[{"href":"https:\/\/www.ehthele.com\/de\/wp-json\/wp\/v2\/types\/page"}],"author":[{"embeddable":true,"href":"https:\/\/www.ehthele.com\/de\/wp-json\/wp\/v2\/users\/1"}],"replies":[{"embeddable":true,"href":"https:\/\/www.ehthele.com\/de\/wp-json\/wp\/v2\/comments?post=63409"}],"version-history":[{"count":9,"href":"https:\/\/www.ehthele.com\/de\/wp-json\/wp\/v2\/pages\/63409\/revisions"}],"predecessor-version":[{"id":63426,"href":"https:\/\/www.ehthele.com\/de\/wp-json\/wp\/v2\/pages\/63409\/revisions\/63426"}],"wp:attachment":[{"href":"https:\/\/www.ehthele.com\/de\/wp-json\/wp\/v2\/media?parent=63409"}],"curies":[{"name":"wp","href":"https:\/\/api.w.org\/{rel}","templated":true}]}}